{"id":2,"date":"2018-12-14T16:52:55","date_gmt":"2018-12-14T15:52:55","guid":{"rendered":"http:\/\/www.laligue85.org\/asso\/cdal85\/?page_id=2"},"modified":"2019-01-24T11:20:52","modified_gmt":"2019-01-24T10:20:52","slug":"page-d-exemple","status":"publish","type":"page","link":"http:\/\/www.laligue85.org\/asso\/cdal85\/","title":{"rendered":"Bienvenue"},"content":{"rendered":"\r\n\r\n\r\n<p>Appel\u00e9 d\u00e9sormais <strong><em>Carrefour D\u00e9partemental d\u2019Action La\u00efque de Vend\u00e9e,<\/em> <\/strong>le Collectif se r\u00e9unit \u00e0 La Roche sur Yon, au si\u00e8ge de la F\u00e9d\u00e9ration des \u0152uvres La\u00efques de Vend\u00e9e, dont le r\u00f4le est, pr\u00e9cis\u00e9ment, de f\u00e9d\u00e9rer. Il est convaincu que les lois doivent \u00eatre respect\u00e9es, notamment celle de 1905. Les citoyens sont en droit d\u2019exiger une \u00e9cole publique, la\u00efque, et gratuite de proximit\u00e9 dans chaque commune o\u00f9 les effectifs le permettent \u2013 l\u2019\u00c9tat \u00e9tant garant du besoin scolaire.<\/p>\r\n<p>Le Carrefour d\u2019Action La\u00efque s\u2019enrichit de la participation d\u2019organisations syndicales (FSU, SGEN-CFDT, UNSA), de mouvements divers (D\u00e9l\u00e9gu\u00e9s D\u00e9partementaux de l\u2019\u00c9ducation Nationale, Ligue des Droits de l\u2019Homme, F\u00e9d\u00e9ration des Conseils de Parents d\u2019\u00c9l\u00e8ves, Familles La\u00efques, Pupilles de l\u2019enseignement public, Francas, d\u2019associations de parents, comme PEPAM \u2013 Pour une \u00c9cole Publique \u00c0 Mach\u00e9).<\/p>\r\n\r\n\r\n<ul class=\"wp-block-latest-posts__list wp-block-latest-posts\"><li><a class=\"wp-block-latest-posts__post-title\" href=\"http:\/\/www.laligue85.org\/asso\/cdal85\/compte-rendu-de-la-reunion-du-lundi-16-octobre-2023\/\">Compte rendu de la r\u00e9union du lundi 16 octobre 2023<\/a><\/li>\n<li><a class=\"wp-block-latest-posts__post-title\" href=\"http:\/\/www.laligue85.org\/asso\/cdal85\/compte-rendu-de-la-reunion-du-jeudi-4-mai-2023\/\">Compte rendu de la r\u00e9union du jeudi 4 mai 2023<\/a><\/li>\n<li><a class=\"wp-block-latest-posts__post-title\" href=\"http:\/\/www.laligue85.org\/asso\/cdal85\/compte-rendu-de-la-reunion-du-jeudi-2-mars-2023\/\">Compte rendu de la r\u00e9union du jeudi 2 mars 2023<\/a><\/li>\n<li><a class=\"wp-block-latest-posts__post-title\" href=\"http:\/\/www.laligue85.org\/asso\/cdal85\/compte-rendu-de-la-reunion-du-jeudi-2-fevrier-2023\/\">Compte rendu de la r\u00e9union du jeudi 2 f\u00e9vrier 2023<\/a><\/li>\n<li><a class=\"wp-block-latest-posts__post-title\" href=\"http:\/\/www.laligue85.org\/asso\/cdal85\/compte-rendu-de-la-reunion-du-jeudi-20-octobre-2022\/\">Compte rendu de la r\u00e9union du jeudi 20 octobre 2022<\/a><\/li>\n<\/ul>","protected":false},"excerpt":{"rendered":"<p>Appel\u00e9 d\u00e9sormais Carrefour D\u00e9partemental d\u2019Action La\u00efque de Vend\u00e9e, le Collectif se r\u00e9unit \u00e0 La Roche sur Yon, au si\u00e8ge de<\/p>\n","protected":false},"author":15,"featured_media":0,"parent":0,"menu_order":0,"comment_status":"closed","ping_status":"open","template":"","meta":[],"_links":{"self":[{"href":"http:\/\/www.laligue85.org\/asso\/cdal85\/wp-json\/wp\/v2\/pages\/2"}],"collection":[{"href":"http:\/\/www.laligue85.org\/asso\/cdal85\/wp-json\/wp\/v2\/pages"}],"about":[{"href":"http:\/\/www.laligue85.org\/asso\/cdal85\/wp-json\/wp\/v2\/types\/page"}],"author":[{"embeddable":true,"href":"http:\/\/www.laligue85.org\/asso\/cdal85\/wp-json\/wp\/v2\/users\/15"}],"replies":[{"embeddable":true,"href":"http:\/\/www.laligue85.org\/asso\/cdal85\/wp-json\/wp\/v2\/comments?post=2"}],"version-history":[{"count":5,"href":"http:\/\/www.laligue85.org\/asso\/cdal85\/wp-json\/wp\/v2\/pages\/2\/revisions"}],"predecessor-version":[{"id":205,"href":"http:\/\/www.laligue85.org\/asso\/cdal85\/wp-json\/wp\/v2\/pages\/2\/revisions\/205"}],"wp:attachment":[{"href":"http:\/\/www.laligue85.org\/asso\/cdal85\/wp-json\/wp\/v2\/media?parent=2"}],"curies":[{"name":"wp","href":"https:\/\/api.w.org\/{rel}","templated":true}]}}