{"id":7025,"date":"2017-04-25T13:19:41","date_gmt":"2017-04-25T13:19:41","guid":{"rendered":"http:\/\/engage.veented.com\/gym\/?page_id=189"},"modified":"2026-02-20T14:33:42","modified_gmt":"2026-02-20T13:33:42","slug":"home-3","status":"publish","type":"page","link":"http:\/\/www.laligue85.org\/fra\/","title":{"rendered":"Home"},"content":{"rendered":"<p>[vc_row][vc_column]<div id=\"hero-slider-47091\" class=\"hero-slider-holder vntd-section veented-slider-holder  fullwidth-section\" style=\"height:700px\"data-nav=\"yes\" data-autoplay=\"true\" data-loop=\"true\">\t\n\t\t<div class=\"veented-slider-loader hero-slider-loader\">\n\t\t\t<div class=\"spinner\">\n\t\t\t  <div class=\"dot1\"><\/div>\n\t\t\t  <div class=\"dot2\"><\/div>\n\t\t\t<\/div>\n\t\t<\/div>\n\t\t\n\t\t<div class=\"hero-slider veented-slider swiper-containers\">\n\t\t\n\t\t\t<div class=\"hero-slider-inner veented-slider-inner swiper-wrapper\">\n\t\t\t\n\t\t\t\t\t\t\n\t\t\t\t<div class=\"swiper-slide hero-slide veented-slide-1 slide-align-center color-scheme-dark\"style=\"background:#000000;\">\n\t\t\t\t\n\t\t\t\t<div class=\"hero-slide-bg-image veented-slide-bg-image\" style=\"background-image: url('http:\/\/www.laligue85.org\/fra\/wp-content\/uploads\/2026\/02\/banniere-site-web2-scaled.jpg');\"><img decoding=\"async\" src=\"http:\/\/www.laligue85.org\/fra\/wp-content\/uploads\/2026\/02\/banniere-site-web2-scaled.jpg\" alt><\/div>\t\t\t\t\n\t\t\t\t<div class=\"inner\">\n\t\t\t\t\n\t\t\t\t\t<div class=\"hero-slide-inner\">\n\t\t\t\t\t\n\t\t\t\t\t\t<h2 class=\"hero-slide-heading veented-slide-heading\"> <\/h2>\n\t\t\t\t\t\t\n\t\t\t\t\t\t<div class=\"hero-slide-buttons\"><a class=\"btn hero-slider-btn  btn-text-dark btn-dark btn-hover-dark btn-outline\" href=\"https:\/\/www.laligue85.org\/fra\/blog\/2018\/04\/09\/notre-projet-associatif\/\">A lire<\/a><\/div>\t\t\t\t\t<\/div>\n\t\t\t\t\t\n\t\t\t\t<\/div>\n\t\t\t\t\n\t\t\t\t<\/div>\n\t\t\t\t\t\t\t\t\n\t\t\t\t\t\t\n\t\t\t\t<div class=\"swiper-slide hero-slide veented-slide-2 slide-align-center\">\n\t\t\t\t\n\t\t\t\t<div class=\"hero-slide-bg-image veented-slide-bg-image\" style=\"background-image: url('http:\/\/www.laligue85.org\/fra\/wp-content\/uploads\/2026\/01\/banniere-site-web1-scaled.jpg');\"><img decoding=\"async\" src=\"http:\/\/www.laligue85.org\/fra\/wp-content\/uploads\/2026\/01\/banniere-site-web1-scaled.jpg\" alt><\/div>\t\t\t\t\n\t\t\t\t<div class=\"inner\">\n\t\t\t\t\n\t\t\t\t\t<div class=\"hero-slide-inner\">\n\t\t\t\t\t\n\t\t\t\t\t\t<h2 class=\"hero-slide-heading veented-slide-heading\"> <\/h2>\n\t\t\t\t\t\t\n\t\t\t\t\t\t<div class=\"hero-slide-buttons\"><a class=\"btn hero-slider-btn  btn-white btn-hover-white btn-outline\" href=\"https:\/\/www.laligue85.org\/fra\/blog\/2013\/08\/12\/jouons-la-carte-de-la-fraternite-vendee\/\">Demander les cartes<\/a><\/div>\t\t\t\t\t<\/div>\n\t\t\t\t\t\n\t\t\t\t<\/div>\n\t\t\t\t\n\t\t\t\t<\/div>\n\t\t\t\t\t\t\t\t\n\t\t\t    \n\t\t\t\n\t\t\t<\/div>\n\t\t\t\n\t\t\t<!-- Slider Arrows -->\n\t\t\t\n\t\t\t<div class=\"swiper-button-next\"><i class=\"fa fa-angle-right\"><\/i><\/div>\n\t\t\t<div class=\"swiper-button-prev\"><i class=\"fa fa-angle-left\"><\/i><\/div>\n\t\t\n\t\t<\/div>\n\t\n\t\n\t\t\n\t<\/div>\n\t\n\t[\/vc_column][\/vc_row][vc_row css=\u00a0\u00bb.vc_custom_1495285734662{padding-top: 70px !important;padding-bottom: 40px !important;}\u00a0\u00bb][vc_column width=\u00a0\u00bb1\/4&Prime;][vc_column_text]<div class=\"vntd-icon-box vntd-content-element box-centered-circle icon-size-medium box-centered  animated vntd-animated\" data-animation=\"fadeIn\" data-animation-delay=\"100\"><div class=\"icon-box-icon bg-color-accent\"><i class=\"fa fa-users\"><\/i><\/div><div class=\"icon-box-content\"><h5 class=\"icon-box-title\">240 structures affili\u00e9es<\/h5><p class=\"icon-description\">Associations sportives, socio culturelles, \u00e9tablissements scolaires, collectivit\u00e9s, Juniors Associations<\/p><\/div><\/div>[\/vc_column_text][\/vc_column][vc_column width=\u00a0\u00bb1\/4&Prime;][vc_column_text]<div class=\"vntd-icon-box vntd-content-element box-centered-circle icon-size-medium box-centered\"><div class=\"icon-box-icon bg-color-accent\"><i class=\"fa fa-home\"><\/i><\/div><div class=\"icon-box-content\"><h5 class=\"icon-box-title\">4 h\u00e9bergements collectifs<\/h5><p class=\"icon-description\">Accueil de classes de d\u00e9couvertes, de colonies de vacances, de s\u00e9jours groupes ou de s\u00e9minaires \u00e0 Saint Hilaire de Riez ou sur l&#039;\u00eele de Noirmoutier<\/p><\/div><\/div>[\/vc_column_text][\/vc_column][vc_column width=\u00a0\u00bb1\/4&Prime;][vc_column_text]<div class=\"vntd-icon-box vntd-content-element box-centered-circle icon-size-medium box-centered\"><div class=\"icon-box-icon bg-color-accent\"><i class=\"fa fa-thumbs-up\"><\/i><\/div><div class=\"icon-box-content\"><h5 class=\"icon-box-title\">233 jeunes volontaires<\/h5><p class=\"icon-description\">La f\u00e9d\u00e9ration et son r\u00e9seau affili\u00e9 ont accueilli 233 jeunes en service civique depuis sa cr\u00e9ation en 2010<\/p><\/div><\/div>[\/vc_column_text][\/vc_column][vc_column width=\u00a0\u00bb1\/4&Prime;][vc_column_text]<div class=\"vntd-icon-box vntd-content-element box-centered-circle icon-size-medium box-centered\"><div class=\"icon-box-icon bg-color-accent\"><i class=\"fa fa-birthday-cake\"><\/i><\/div><div class=\"icon-box-content\"><h5 class=\"icon-box-title\">90 ann\u00e9es d'existence<\/h5><p class=\"icon-description\">90 ans au service de l&#039;\u00e9ducation populaire et de la la\u00efcit\u00e9 en Vend\u00e9e<\/p><\/div><\/div>[\/vc_column_text][\/vc_column][\/vc_row][vc_row equal_height=\u00a0\u00bbyes\u00a0\u00bb content_placement=\u00a0\u00bbmiddle\u00a0\u00bb css=\u00a0\u00bb.vc_custom_1493993344324{padding-top: 60px !important;padding-bottom: 20px !important;background-color: #ffffff !important;}\u00a0\u00bb][vc_column col_padding_side=\u00a0\u00bbright\u00a0\u00bb css=\u00a0\u00bb.vc_custom_1493057150253{padding-bottom: 15px !important;}\u00a0\u00bb][vc_tta_tabs style=\u00a0\u00bbengage_minimal\u00a0\u00bb alignment=\u00a0\u00bbcenter\u00a0\u00bb active_section=\u00a0\u00bb1&Prime; css=\u00a0\u00bb.vc_custom_1493993515857{padding-top: 30px !important;}\u00a0\u00bb][vc_tta_section title=\u00a0\u00bbQui sommes-nous ?\u00a0\u00bb tab_id=\u00a0\u00bb1493993485970-ad7afcba-6bee\u00a0\u00bb][vc_row_inner][vc_column_inner width=\u00a0\u00bb1\/2&Prime;][vc_column_text]<\/p>\n<p class=\"_04xlpA direction-ltr align-start para-style-body\"><span class=\"JsGRdQ\">Association d\u2019\u00e9ducation populaire compl\u00e9mentaire de l\u2019Ecole et actrice de l\u2019Economie sociale et solidaire, la Ligue de l\u2019enseignement \u2013 F\u00e9d\u00e9ration de Vend\u00e9e regroupe autour de ses valeurs et principes &#8211; la\u00efcit\u00e9, citoyennet\u00e9, solidarit\u00e9 &#8211; plus de 200 associations dans le d\u00e9partement. Nous faisons partie du mouvement national de\u00a0la Ligue de l&rsquo;enseignement\u00a0qui existe depuis plus de 150 ans.<\/span><\/p>\n<p class=\"_04xlpA direction-ltr align-start para-style-body\"><span class=\"JsGRdQ\">Nous agissons au quotidien dans le cadre de multiples activit\u00e9s et projets sur des th\u00e9matiques transversales et compl\u00e9mentaires aupr\u00e8s des tout-petits, des enfants, des jeunes, des familles et des seniors.<\/span><\/p>\n<p class=\"_04xlpA direction-ltr align-start para-style-body\"><span class=\"JsGRdQ\">Education, culture, action sociale, vie associative, environnement, num\u00e9rique, sport, d\u00e9mocratie : la diversit\u00e9 de nos actions contribue \u00e0 faire vivre nos valeurs sur le territoire en favorisant l\u2019engagement des citoyens.<\/span><\/p>\n<p><span style=\"font-size: 10pt;\"><a href=\"https:\/\/laligue.org\/\">www.laligue.org<\/a><\/span>[\/vc_column_text][\/vc_column_inner][vc_column_inner width=\u00a0\u00bb1\/2&Prime;][vc_raw_html]JTNDaWZyYW1lJTIwc3R5bGUlM0QlMjJib3JkZXItcmFkaXVzJTNBMTJweCUyMiUyMHNyYyUzRCUyMmh0dHBzJTNBJTJGJTJGb3Blbi5zcG90aWZ5LmNvbSUyRmVtYmVkJTJGc2hvdyUyRjJ5QXVGMUVRWnRzZEFTUDhpdEt1RUwlM0Z1dG1fc291cmNlJTNEZ2VuZXJhdG9yJTIyJTIwd2lkdGglM0QlMjIxMDAlMjUlMjIlMjBoZWlnaHQlM0QlMjIyMzIlMjIlMjBmcmFtZUJvcmRlciUzRCUyMjAlMjIlMjBhbGxvd2Z1bGxzY3JlZW4lM0QlMjIlMjIlMjBhbGxvdyUzRCUyMmF1dG9wbGF5JTNCJTIwY2xpcGJvYXJkLXdyaXRlJTNCJTIwZW5jcnlwdGVkLW1lZGlhJTNCJTIwZnVsbHNjcmVlbiUzQiUyMHBpY3R1cmUtaW4tcGljdHVyZSUyMiUzRSUzQyUyRmlmcmFtZSUzRQ==[\/vc_raw_html][\/vc_column_inner][\/vc_row_inner][\/vc_tta_section][vc_tta_section title=\u00a0\u00bbS&rsquo;associer est une force\u00a0\u00bb tab_id=\u00a0\u00bb1493993486815-2e178a9e-da9a\u00a0\u00bb][vc_row_inner][vc_column_inner width=\u00a0\u00bb1\/2&Prime;][vc_column_text]<span style=\"font-size: 10pt;\">Nous travaillons dans une d\u00e9marche d&rsquo;appui aux associations affili\u00e9es ou non et ce gr\u00e2ce \u00e0 notre labellisation Point d&rsquo;Appui \u00e0 la Vie associative.<\/span><\/p>\n<p><span style=\"font-size: 10pt;\">Nous vous donnons des outils pour que vous soyez autonomes et porteurs d&rsquo;un projet associatif engag\u00e9 : APAC Assurances, soutien aux associations employeurs gr\u00e2ce au dispositif \u00ab\u00a0tiers de confiance\u00a0\u00bb pour l&rsquo;\u00e9laboration des bulletins de paie, formation des dirigeants associatifs, outils collaboratifs&#8230;<\/span>[\/vc_column_text][\/vc_column_inner][vc_column_inner width=\u00a0\u00bb1\/2&Prime;][vc_column_text]<span style=\"font-size: 10pt;\">Nous favorisons et encourageons l&rsquo;engagement des jeunes. l&rsquo;animation de dispositifs tels que les Juniors Associations ou notre implication das le service civique t\u00e9moignent d&rsquo;une volont\u00e9 de donner une place aux jeunes pour cr\u00e9er une culture de l&rsquo;engagement.<\/span>[\/vc_column_text][\/vc_column_inner][\/vc_row_inner][\/vc_tta_section][vc_tta_section title=\u00a0\u00bbUn avenir par l&rsquo;\u00e9ducation populaire\u00a0\u00bb tab_id=\u00a0\u00bb1493993487697-16414874-0af5&Prime;][vc_row_inner][vc_column_inner width=\u00a0\u00bb1\/3&Prime;][vc_column_text]<span style=\"font-size: 10pt;\">Compl\u00e9mentaire de l&rsquo;Ecole, nous proposons des actions visant \u00e0 vous accompagner dans vos projets \u00e9ducatifs : classes de d\u00e9couvertes et s\u00e9jours \u00e9ducatifs, lutte contre l\u2019illettrisme avec Lire et Faire Lire, \u00e9ducation \u00e0 la citoyennet\u00e9 via la formation des d\u00e9l\u00e9gu\u00e9s \u00e9l\u00e8ves, la m\u00e9diation par les pairs, l&rsquo;\u00e9ducation aux m\u00e9dias ou l&rsquo;op\u00e9ration \u00ab\u00a0Jouons la carte de la fraternit\u00e9\u00a0\u00bb, vie associative et sports innovants avec l&rsquo;USEP.\u00a0<\/span>[\/vc_column_text][\/vc_column_inner][vc_column_inner width=\u00a0\u00bb1\/3&Prime;][vc_column_text]<span style=\"font-size: 10pt;\">L&rsquo;\u00e9ducation ne se limite pas \u00e0 l&rsquo;Ecole c&rsquo;est pourquoi nous travaillons avec de nombreux acteurs pour une v\u00e9ritable \u00e9ducation partag\u00e9e : soutien aux municipalit\u00e9s dans la mise en oeuvre de leur projet \u00e9ducatif, animations (sport, citoyennet\u00e9, environnement) par des professionnels sur les temps p\u00e9riscolaires, formation des personnels municipaux, pr\u00eats des malles p\u00e9dagogiques&#8230;<\/span><\/p>\n<p><span style=\"font-size: 10pt;\">L&rsquo;\u00e9ducation populaire c&rsquo;est aussi l&rsquo;acc\u00e8s \u00e0 la formation professionnelle via la formation BAFA et l&rsquo;accueil de stagiaires sur nos s\u00e9jours mais aussi via nos formations BPJEPS.<\/span>[\/vc_column_text][\/vc_column_inner][vc_column_inner width=\u00a0\u00bb1\/3&Prime;][vc_column_text]<span style=\"font-size: 10pt;\">Nous oeuvrons au quotidien \u00e0 l&rsquo;\u00e9panouissement de chacun et au droit aux vacances pour tous. La diversit\u00e9 de notre offre permet \u00e0 tous de trouver des formules de s\u00e9jours adapt\u00e9s. Notre r\u00e9seau national vous propose des destinations vari\u00e9es et nous pouvons nous-m\u00eame vous accueillir au sein de nos centres sur l&rsquo;\u00eele de Noirmoutier.\u00a0<\/span><\/p>\n<p>[\/vc_column_text][\/vc_column_inner][\/vc_row_inner][\/vc_tta_section][\/vc_tta_tabs][\/vc_column][\/vc_row][vc_row css=\u00a0\u00bb.vc_custom_1494854759706{padding-top: 70px !important;padding-bottom: 50px !important;}\u00a0\u00bb][vc_column][vc_row_inner][vc_column_inner width=\u00a0\u00bb1\/3&Prime; css=\u00a0\u00bb.vc_custom_1494854641565{padding-right: 20px !important;}\u00a0\u00bb][vc_single_image image=\u00a0\u00bb3135&Prime; img_size=\u00a0\u00bb600&#215;500&Prime; title=\u00a0\u00bbClasses de d\u00e9couvertes\u00a0\u00bb][vc_column_text css=\u00a0\u00bb.vc_custom_1529920120987{margin-bottom: 15px !important;}\u00a0\u00bb]<\/p>\n<h4 style=\"text-align: center;\">P\u00eache \u00e0 pied en classe de d\u00e9couvertes sur l&rsquo;\u00eele de Noirmoutier<\/h4>\n<p>[\/vc_column_text][vc_column_text]<\/p>\n<p class=\"p1\" style=\"text-align: center;\">Un s\u00e9jour de proximit\u00e9 pour une \u00e9cole vend\u00e9enne partie \u00e0 Noirmoutier pour une classe de mer.<\/p>\n<p>[\/vc_column_text][\/vc_column_inner][vc_column_inner width=\u00a0\u00bb1\/3&Prime; css=\u00a0\u00bb.vc_custom_1494854662963{padding-right: 20px !important;padding-left: 20px !important;}\u00a0\u00bb][vc_single_image image=\u00a0\u00bb2917&Prime; img_size=\u00a0\u00bb600&#215;500&Prime; title=\u00a0\u00bbJouons la carte de la fraternit\u00e9\u00a0\u00bb][vc_column_text css=\u00a0\u00bb.vc_custom_1529920350217{margin-bottom: 15px !important;}\u00a0\u00bb]<\/p>\n<h4 style=\"text-align: center;\">Jouons la carte de la fraternit\u00e9<\/h4>\n<p>[\/vc_column_text][vc_column_text]<\/p>\n<p class=\"p1\" style=\"text-align: center;\">Etudier les images et d\u00e9battre sur le sens et les sentiments qu&rsquo;elles provoquent avant de se pencher sur l&rsquo;\u00e9criture d&rsquo;un message de fraternit\u00e9 \u00e0 envoyer comme une bouteille \u00e0 la mer \u00e0 un destinataire inconnu.<\/p>\n<p>[\/vc_column_text][\/vc_column_inner][vc_column_inner width=\u00a0\u00bb1\/3&Prime; css=\u00a0\u00bb.vc_custom_1494854666876{padding-left: 20px !important;}\u00a0\u00bb][vc_single_image image=\u00a0\u00bb1525&Prime; img_size=\u00a0\u00bb600&#215;500&Prime; title=\u00a0\u00bbLire et Faire Lire\u00a0\u00bb][vc_column_text css=\u00a0\u00bb.vc_custom_1529920523432{margin-bottom: 15px !important;}\u00a0\u00bb]<\/p>\n<h4 style=\"text-align: center;\">Formation des b\u00e9n\u00e9voles<\/h4>\n<p>[\/vc_column_text][vc_column_text]<\/p>\n<p class=\"p1\" style=\"text-align: center;\">Ici une formation des b\u00e9n\u00e9voles Lire et faire Lire sur le th\u00e8me : \u00ab\u00a0la la\u00efcit\u00e9, un outil pour cultiver la mixit\u00e9\u00a0\u00bb<\/p>\n<p>[\/vc_column_text][\/vc_column_inner][\/vc_row_inner][vc_row_inner][vc_column_inner width=\u00a0\u00bb1\/3&Prime; css=\u00a0\u00bb.vc_custom_1494854641565{padding-right: 20px !important;}\u00a0\u00bb][vc_single_image image=\u00a0\u00bb2905&Prime; img_size=\u00a0\u00bb600&#215;500&Prime; title=\u00a0\u00bbD\u00e9l\u00e9gu\u00e9s \u00e9l\u00e8ves\u00a0\u00bb][vc_column_text css=\u00a0\u00bb.vc_custom_1529920655197{margin-bottom: 15px !important;}\u00a0\u00bb]<\/p>\n<h4 style=\"text-align: center;\">Formation des d\u00e9l\u00e9gu\u00e9s \u00e9l\u00e8ves<\/h4>\n<p>[\/vc_column_text][vc_column_text]<\/p>\n<p class=\"p1\" style=\"text-align: center;\">S\u00e9ance de photolangage pour d\u00e9buter la formation<\/p>\n<p>[\/vc_column_text][\/vc_column_inner][vc_column_inner width=\u00a0\u00bb1\/3&Prime; css=\u00a0\u00bb.vc_custom_1494854662963{padding-right: 20px !important;padding-left: 20px !important;}\u00a0\u00bb][vc_single_image image=\u00a0\u00bb3453&Prime; img_size=\u00a0\u00bb600&#215;500&Prime; title=\u00a0\u00bbColonies de vacances\u00a0\u00bb][vc_column_text css=\u00a0\u00bb.vc_custom_1529920844353{margin-bottom: 15px !important;}\u00a0\u00bb]<\/p>\n<h4 style=\"text-align: center;\">Colonie de vacances<\/h4>\n<p>[\/vc_column_text][vc_column_text]<\/p>\n<p class=\"p1\" style=\"text-align: center;\">Colo bord de mer, \u00e0 l&rsquo;assaut des vagues sous le soleil<\/p>\n<p>[\/vc_column_text][\/vc_column_inner][vc_column_inner width=\u00a0\u00bb1\/3&Prime; css=\u00a0\u00bb.vc_custom_1494854666876{padding-left: 20px !important;}\u00a0\u00bb][vc_single_image image=\u00a0\u00bb7050&Prime; img_size=\u00a0\u00bb600&#215;500&Prime; title=\u00a0\u00bbCross USEP\u00a0\u00bb][vc_column_text css=\u00a0\u00bb.vc_custom_1529921380238{margin-bottom: 15px !important;}\u00a0\u00bb]<\/p>\n<h4 style=\"text-align: center;\">Cross d\u00e9partemental USEP<\/h4>\n<p>[\/vc_column_text][vc_column_text]<\/p>\n<p class=\"p1\" style=\"text-align: center;\">850 enfants au dernier cross d\u00e9partemental de l&rsquo;USEP<\/p>\n<p>[\/vc_column_text][\/vc_column_inner][\/vc_row_inner][\/vc_column][\/vc_row][vc_column][\/vc_column]<\/p>\n","protected":false},"excerpt":{"rendered":"<p>[vc_row][vc_column][\/vc_column][\/vc_row][vc_row css=\u00a0\u00bb.vc_custom_1495285734662{padding-top: 70px !important;padding-bottom: 40px !important;}\u00a0\u00bb][vc_column width=\u00a0\u00bb1\/4&Prime;][vc_column_text][\/vc_column_text][\/vc_column][vc_column width=\u00a0\u00bb1\/4&Prime;][vc_column_text][\/vc_column_text][\/vc_column][vc_column width=\u00a0\u00bb1\/4&Prime;][vc_column_text][\/vc_column_text][\/vc_column][vc_column width=\u00a0\u00bb1\/4&Prime;][vc_column_text][\/vc_column_text][\/vc_column][\/vc_row][vc_row equal_height=\u00a0\u00bbyes\u00a0\u00bb content_placement=\u00a0\u00bbmiddle\u00a0\u00bb css=\u00a0\u00bb.vc_custom_1493993344324{padding-top: 60px !important;padding-bottom: 20px !important;background-color: #ffffff !important;}\u00a0\u00bb][vc_column col_padding_side=\u00a0\u00bbright\u00a0\u00bb css=\u00a0\u00bb.vc_custom_1493057150253{padding-bottom: 15px !important;}\u00a0\u00bb][vc_tta_tabs style=\u00a0\u00bbengage_minimal\u00a0\u00bb alignment=\u00a0\u00bbcenter\u00a0\u00bb active_section=\u00a0\u00bb1&Prime; css=\u00a0\u00bb.vc_custom_1493993515857{padding-top: 30px !important;}\u00a0\u00bb][vc_tta_section title=\u00a0\u00bbQui sommes-nous ?\u00a0\u00bb tab_id=\u00a0\u00bb1493993485970-ad7afcba-6bee\u00a0\u00bb][vc_row_inner][vc_column_inner width=\u00a0\u00bb1\/2&Prime;][vc_column_text] Association d\u2019\u00e9ducation populaire compl\u00e9mentaire de l\u2019Ecole et actrice de l\u2019Economie sociale et solidaire, la Ligue de [&hellip;]<\/p>\n","protected":false},"author":2,"featured_media":0,"parent":0,"menu_order":0,"comment_status":"closed","ping_status":"closed","template":"","meta":{"jetpack_post_was_ever_published":false,"footnotes":""},"class_list":["post-7025","page","type-page","status-publish","hentry"],"yoast_head":"<!-- This site is optimized with the Yoast SEO plugin v20.0 - https:\/\/yoast.com\/wordpress\/plugins\/seo\/ -->\n<title>Home - La Ligue de l&#039;Enseignement de Vend\u00e9e<\/title>\n<meta name=\"robots\" content=\"index, follow, max-snippet:-1, max-image-preview:large, max-video-preview:-1\" \/>\n<link rel=\"canonical\" href=\"https:\/\/www.laligue85.org\/fra\/\" \/>\n<meta property=\"og:locale\" content=\"fr_FR\" \/>\n<meta property=\"og:type\" content=\"article\" \/>\n<meta property=\"og:title\" content=\"Home - La Ligue de l&#039;Enseignement de Vend\u00e9e\" \/>\n<meta property=\"og:description\" content=\"[vc_row][vc_column][\/vc_column][\/vc_row][vc_row css=\u00a0\u00bb.vc_custom_1495285734662{padding-top: 70px !important;padding-bottom: 40px !important;}\u00a0\u00bb][vc_column width=\u00a0\u00bb1\/4&Prime;][vc_column_text][\/vc_column_text][\/vc_column][vc_column width=\u00a0\u00bb1\/4&Prime;][vc_column_text][\/vc_column_text][\/vc_column][vc_column width=\u00a0\u00bb1\/4&Prime;][vc_column_text][\/vc_column_text][\/vc_column][vc_column width=\u00a0\u00bb1\/4&Prime;][vc_column_text][\/vc_column_text][\/vc_column][\/vc_row][vc_row equal_height=\u00a0\u00bbyes\u00a0\u00bb content_placement=\u00a0\u00bbmiddle\u00a0\u00bb css=\u00a0\u00bb.vc_custom_1493993344324{padding-top: 60px !important;padding-bottom: 20px !important;background-color: #ffffff !important;}\u00a0\u00bb][vc_column col_padding_side=\u00a0\u00bbright\u00a0\u00bb css=\u00a0\u00bb.vc_custom_1493057150253{padding-bottom: 15px !important;}\u00a0\u00bb][vc_tta_tabs style=\u00a0\u00bbengage_minimal\u00a0\u00bb alignment=\u00a0\u00bbcenter\u00a0\u00bb active_section=\u00a0\u00bb1&Prime; css=\u00a0\u00bb.vc_custom_1493993515857{padding-top: 30px !important;}\u00a0\u00bb][vc_tta_section title=\u00a0\u00bbQui sommes-nous ?\u00a0\u00bb tab_id=\u00a0\u00bb1493993485970-ad7afcba-6bee\u00a0\u00bb][vc_row_inner][vc_column_inner width=\u00a0\u00bb1\/2&Prime;][vc_column_text] Association d\u2019\u00e9ducation populaire compl\u00e9mentaire de l\u2019Ecole et actrice de l\u2019Economie sociale et solidaire, la Ligue de [&hellip;]\" \/>\n<meta property=\"og:url\" content=\"https:\/\/www.laligue85.org\/fra\/\" \/>\n<meta property=\"og:site_name\" content=\"La Ligue de l&#039;Enseignement de Vend\u00e9e\" \/>\n<meta property=\"article:modified_time\" content=\"2026-02-20T13:33:42+00:00\" \/>\n<meta name=\"twitter:card\" content=\"summary_large_image\" \/>\n<meta name=\"twitter:label1\" content=\"Dur\u00e9e de lecture estim\u00e9e\" \/>\n\t<meta name=\"twitter:data1\" content=\"4 minutes\" \/>\n<script type=\"application\/ld+json\" class=\"yoast-schema-graph\">{\"@context\":\"https:\/\/schema.org\",\"@graph\":[{\"@type\":\"WebPage\",\"@id\":\"https:\/\/www.laligue85.org\/fra\/\",\"url\":\"https:\/\/www.laligue85.org\/fra\/\",\"name\":\"Home - La Ligue de l&#039;Enseignement de Vend\u00e9e\",\"isPartOf\":{\"@id\":\"https:\/\/www.laligue85.org\/fra\/#website\"},\"datePublished\":\"2017-04-25T13:19:41+00:00\",\"dateModified\":\"2026-02-20T13:33:42+00:00\",\"breadcrumb\":{\"@id\":\"https:\/\/www.laligue85.org\/fra\/#breadcrumb\"},\"inLanguage\":\"fr-FR\",\"potentialAction\":[{\"@type\":\"ReadAction\",\"target\":[\"https:\/\/www.laligue85.org\/fra\/\"]}]},{\"@type\":\"BreadcrumbList\",\"@id\":\"https:\/\/www.laligue85.org\/fra\/#breadcrumb\",\"itemListElement\":[{\"@type\":\"ListItem\",\"position\":1,\"name\":\"Accueil\",\"item\":\"https:\/\/www.laligue85.org\/fra\/\"},{\"@type\":\"ListItem\",\"position\":2,\"name\":\"Home\"}]},{\"@type\":\"WebSite\",\"@id\":\"https:\/\/www.laligue85.org\/fra\/#website\",\"url\":\"https:\/\/www.laligue85.org\/fra\/\",\"name\":\"La Ligue de l&#039;Enseignement de Vend\u00e9e\",\"description\":\"F\u00e9d\u00e9ration d&#039;\u00e9ducation populaire\",\"potentialAction\":[{\"@type\":\"SearchAction\",\"target\":{\"@type\":\"EntryPoint\",\"urlTemplate\":\"https:\/\/www.laligue85.org\/fra\/?s={search_term_string}\"},\"query-input\":\"required name=search_term_string\"}],\"inLanguage\":\"fr-FR\"}]}<\/script>\n<!-- \/ Yoast SEO plugin. -->","yoast_head_json":{"title":"Home - La Ligue de l&#039;Enseignement de Vend\u00e9e","robots":{"index":"index","follow":"follow","max-snippet":"max-snippet:-1","max-image-preview":"max-image-preview:large","max-video-preview":"max-video-preview:-1"},"canonical":"https:\/\/www.laligue85.org\/fra\/","og_locale":"fr_FR","og_type":"article","og_title":"Home - La Ligue de l&#039;Enseignement de Vend\u00e9e","og_description":"[vc_row][vc_column][\/vc_column][\/vc_row][vc_row css=\u00a0\u00bb.vc_custom_1495285734662{padding-top: 70px !important;padding-bottom: 40px !important;}\u00a0\u00bb][vc_column width=\u00a0\u00bb1\/4&Prime;][vc_column_text][\/vc_column_text][\/vc_column][vc_column width=\u00a0\u00bb1\/4&Prime;][vc_column_text][\/vc_column_text][\/vc_column][vc_column width=\u00a0\u00bb1\/4&Prime;][vc_column_text][\/vc_column_text][\/vc_column][vc_column width=\u00a0\u00bb1\/4&Prime;][vc_column_text][\/vc_column_text][\/vc_column][\/vc_row][vc_row equal_height=\u00a0\u00bbyes\u00a0\u00bb content_placement=\u00a0\u00bbmiddle\u00a0\u00bb css=\u00a0\u00bb.vc_custom_1493993344324{padding-top: 60px !important;padding-bottom: 20px !important;background-color: #ffffff !important;}\u00a0\u00bb][vc_column col_padding_side=\u00a0\u00bbright\u00a0\u00bb css=\u00a0\u00bb.vc_custom_1493057150253{padding-bottom: 15px !important;}\u00a0\u00bb][vc_tta_tabs style=\u00a0\u00bbengage_minimal\u00a0\u00bb alignment=\u00a0\u00bbcenter\u00a0\u00bb active_section=\u00a0\u00bb1&Prime; css=\u00a0\u00bb.vc_custom_1493993515857{padding-top: 30px !important;}\u00a0\u00bb][vc_tta_section title=\u00a0\u00bbQui sommes-nous ?\u00a0\u00bb tab_id=\u00a0\u00bb1493993485970-ad7afcba-6bee\u00a0\u00bb][vc_row_inner][vc_column_inner width=\u00a0\u00bb1\/2&Prime;][vc_column_text] Association d\u2019\u00e9ducation populaire compl\u00e9mentaire de l\u2019Ecole et actrice de l\u2019Economie sociale et solidaire, la Ligue de [&hellip;]","og_url":"https:\/\/www.laligue85.org\/fra\/","og_site_name":"La Ligue de l&#039;Enseignement de Vend\u00e9e","article_modified_time":"2026-02-20T13:33:42+00:00","twitter_card":"summary_large_image","twitter_misc":{"Dur\u00e9e de lecture estim\u00e9e":"4 minutes"},"schema":{"@context":"https:\/\/schema.org","@graph":[{"@type":"WebPage","@id":"https:\/\/www.laligue85.org\/fra\/","url":"https:\/\/www.laligue85.org\/fra\/","name":"Home - La Ligue de l&#039;Enseignement de Vend\u00e9e","isPartOf":{"@id":"https:\/\/www.laligue85.org\/fra\/#website"},"datePublished":"2017-04-25T13:19:41+00:00","dateModified":"2026-02-20T13:33:42+00:00","breadcrumb":{"@id":"https:\/\/www.laligue85.org\/fra\/#breadcrumb"},"inLanguage":"fr-FR","potentialAction":[{"@type":"ReadAction","target":["https:\/\/www.laligue85.org\/fra\/"]}]},{"@type":"BreadcrumbList","@id":"https:\/\/www.laligue85.org\/fra\/#breadcrumb","itemListElement":[{"@type":"ListItem","position":1,"name":"Accueil","item":"https:\/\/www.laligue85.org\/fra\/"},{"@type":"ListItem","position":2,"name":"Home"}]},{"@type":"WebSite","@id":"https:\/\/www.laligue85.org\/fra\/#website","url":"https:\/\/www.laligue85.org\/fra\/","name":"La Ligue de l&#039;Enseignement de Vend\u00e9e","description":"F\u00e9d\u00e9ration d&#039;\u00e9ducation populaire","potentialAction":[{"@type":"SearchAction","target":{"@type":"EntryPoint","urlTemplate":"https:\/\/www.laligue85.org\/fra\/?s={search_term_string}"},"query-input":"required name=search_term_string"}],"inLanguage":"fr-FR"}]}},"jetpack_shortlink":"https:\/\/wp.me\/P9Chnq-1Pj","_links":{"self":[{"href":"http:\/\/www.laligue85.org\/fra\/wp-json\/wp\/v2\/pages\/7025","targetHints":{"allow":["GET"]}}],"collection":[{"href":"http:\/\/www.laligue85.org\/fra\/wp-json\/wp\/v2\/pages"}],"about":[{"href":"http:\/\/www.laligue85.org\/fra\/wp-json\/wp\/v2\/types\/page"}],"author":[{"embeddable":true,"href":"http:\/\/www.laligue85.org\/fra\/wp-json\/wp\/v2\/users\/2"}],"replies":[{"embeddable":true,"href":"http:\/\/www.laligue85.org\/fra\/wp-json\/wp\/v2\/comments?post=7025"}],"version-history":[{"count":334,"href":"http:\/\/www.laligue85.org\/fra\/wp-json\/wp\/v2\/pages\/7025\/revisions"}],"predecessor-version":[{"id":15015,"href":"http:\/\/www.laligue85.org\/fra\/wp-json\/wp\/v2\/pages\/7025\/revisions\/15015"}],"wp:attachment":[{"href":"http:\/\/www.laligue85.org\/fra\/wp-json\/wp\/v2\/media?parent=7025"}],"curies":[{"name":"wp","href":"https:\/\/api.w.org\/{rel}","templated":true}]}}