{"version":"1.0","provider_name":"La Ligue de l&#039;Enseignement de Vend\u00e9e","provider_url":"https:\/\/www.laligue85.org\/fra","author_name":"webreporter","author_url":"https:\/\/www.laligue85.org\/fra\/blog\/author\/webreporter\/","title":"Groupes de travail et commissions nationales - La Ligue de l&#039;Enseignement de Vend\u00e9e","type":"rich","width":600,"height":338,"html":"<blockquote class=\"wp-embedded-content\" data-secret=\"QwXiQ02Pnl\"><a href=\"https:\/\/www.laligue85.org\/fra\/blog\/2022\/03\/23\/groupes-de-travail-et-commissions-nationales\/\">Groupes de travail et commissions nationales<\/a><\/blockquote><iframe sandbox=\"allow-scripts\" security=\"restricted\" src=\"https:\/\/www.laligue85.org\/fra\/blog\/2022\/03\/23\/groupes-de-travail-et-commissions-nationales\/embed\/#?secret=QwXiQ02Pnl\" width=\"600\" height=\"338\" title=\"\u00ab\u00a0Groupes de travail et commissions nationales\u00a0\u00bb &#8212; La Ligue de l&#039;Enseignement de Vend\u00e9e\" data-secret=\"QwXiQ02Pnl\" frameborder=\"0\" marginwidth=\"0\" marginheight=\"0\" scrolling=\"no\" class=\"wp-embedded-content\"><\/iframe><script type=\"text\/javascript\">\n\/* <![CDATA[ *\/\n\/*! This file is auto-generated *\/\n!function(d,l){\"use strict\";l.querySelector&&d.addEventListener&&\"undefined\"!=typeof URL&&(d.wp=d.wp||{},d.wp.receiveEmbedMessage||(d.wp.receiveEmbedMessage=function(e){var t=e.data;if((t||t.secret||t.message||t.value)&&!\/[^a-zA-Z0-9]\/.test(t.secret)){for(var s,r,n,a=l.querySelectorAll('iframe[data-secret=\"'+t.secret+'\"]'),o=l.querySelectorAll('blockquote[data-secret=\"'+t.secret+'\"]'),c=new RegExp(\"^https?:$\",\"i\"),i=0;i<o.length;i++)o[i].style.display=\"none\";for(i=0;i<a.length;i++)s=a[i],e.source===s.contentWindow&&(s.removeAttribute(\"style\"),\"height\"===t.message?(1e3<(r=parseInt(t.value,10))?r=1e3:~~r<200&&(r=200),s.height=r):\"link\"===t.message&&(r=new URL(s.getAttribute(\"src\")),n=new URL(t.value),c.test(n.protocol))&&n.host===r.host&&l.activeElement===s&&(d.top.location.href=t.value))}},d.addEventListener(\"message\",d.wp.receiveEmbedMessage,!1),l.addEventListener(\"DOMContentLoaded\",function(){for(var e,t,s=l.querySelectorAll(\"iframe.wp-embedded-content\"),r=0;r<s.length;r++)(t=(e=s[r]).getAttribute(\"data-secret\"))||(t=Math.random().toString(36).substring(2,12),e.src+=\"#?secret=\"+t,e.setAttribute(\"data-secret\",t)),e.contentWindow.postMessage({message:\"ready\",secret:t},\"*\")},!1)))}(window,document);\n\/* ]]> *\/\n<\/script>\n","description":"L\u2019action du\u00a0comit\u00e9 directeur\u00a0est guid\u00e9e par une douzaine d\u2019\u00ab objectifs \u00bb qui se d\u00e9clinent en \u00ab dossiers \u00bb dont sont charg\u00e9s des groupes de travail (GT). Parall\u00e8lement, des commissions nationales (CN) articulent la transversalit\u00e9 des dossiers et croisent les trois grands \u00ab champs \u00bb de la vie de la f\u00e9d\u00e9ration que [&hellip;]"}