{"version":"1.0","provider_name":"La Ligue de l&#039;Enseignement de Vend\u00e9e","provider_url":"https:\/\/www.laligue85.org\/fra","author_name":"webreporter","author_url":"https:\/\/www.laligue85.org\/fra\/blog\/author\/webreporter\/","title":"Le Projet \"Mon Quartier, Espace de Biodiversit\u00e9\" - La Ligue de l&#039;Enseignement de Vend\u00e9e","type":"rich","width":600,"height":338,"html":"<blockquote class=\"wp-embedded-content\" data-secret=\"neZfqWssv5\"><a href=\"https:\/\/www.laligue85.org\/fra\/le-projet-mon-quartier-espace-de-biodiversite\/\">Le Projet \u00ab\u00a0Mon Quartier, Espace de Biodiversit\u00e9\u00a0\u00bb<\/a><\/blockquote><iframe sandbox=\"allow-scripts\" security=\"restricted\" src=\"https:\/\/www.laligue85.org\/fra\/le-projet-mon-quartier-espace-de-biodiversite\/embed\/#?secret=neZfqWssv5\" width=\"600\" height=\"338\" title=\"\u00ab\u00a0Le Projet \u00ab\u00a0Mon Quartier, Espace de Biodiversit\u00e9\u00a0\u00bb\u00a0\u00bb &#8212; La Ligue de l&#039;Enseignement de Vend\u00e9e\" data-secret=\"neZfqWssv5\" frameborder=\"0\" marginwidth=\"0\" marginheight=\"0\" scrolling=\"no\" class=\"wp-embedded-content\"><\/iframe><script type=\"text\/javascript\">\n\/* <![CDATA[ *\/\n\/*! This file is auto-generated *\/\n!function(d,l){\"use strict\";l.querySelector&&d.addEventListener&&\"undefined\"!=typeof URL&&(d.wp=d.wp||{},d.wp.receiveEmbedMessage||(d.wp.receiveEmbedMessage=function(e){var t=e.data;if((t||t.secret||t.message||t.value)&&!\/[^a-zA-Z0-9]\/.test(t.secret)){for(var s,r,n,a=l.querySelectorAll('iframe[data-secret=\"'+t.secret+'\"]'),o=l.querySelectorAll('blockquote[data-secret=\"'+t.secret+'\"]'),c=new RegExp(\"^https?:$\",\"i\"),i=0;i<o.length;i++)o[i].style.display=\"none\";for(i=0;i<a.length;i++)s=a[i],e.source===s.contentWindow&&(s.removeAttribute(\"style\"),\"height\"===t.message?(1e3<(r=parseInt(t.value,10))?r=1e3:~~r<200&&(r=200),s.height=r):\"link\"===t.message&&(r=new URL(s.getAttribute(\"src\")),n=new URL(t.value),c.test(n.protocol))&&n.host===r.host&&l.activeElement===s&&(d.top.location.href=t.value))}},d.addEventListener(\"message\",d.wp.receiveEmbedMessage,!1),l.addEventListener(\"DOMContentLoaded\",function(){for(var e,t,s=l.querySelectorAll(\"iframe.wp-embedded-content\"),r=0;r<s.length;r++)(t=(e=s[r]).getAttribute(\"data-secret\"))||(t=Math.random().toString(36).substring(2,12),e.src+=\"#?secret=\"+t,e.setAttribute(\"data-secret\",t)),e.contentWindow.postMessage({message:\"ready\",secret:t},\"*\")},!1)))}(window,document);\n\/* ]]> *\/\n<\/script>\n","description":"[vc_row][vc_column][vc_column_text] Le Projet : \u00ab\u00a0Mon Quartier, Espace de Biodiversit\u00e9\u00a0\u00bb [\/vc_column_text][\/vc_column][vc_column][vc_column_text] \u00c0 l\u2019automne 2021, l\u2019Office Fran\u00e7ais de la biodiversit\u00e9 lance un appel \u00e0 projet national visant \u00e0 prot\u00e9ger et restaurer la biodiversit\u00e9 sur l\u2019ensemble du territoire fran\u00e7ais par toutes les initiatives locales qui y concourront. Parmi plus d\u2019une centaine de projets [&hellip;]"}