{"id":12772,"date":"2023-02-20T09:59:35","date_gmt":"2023-02-20T08:59:35","guid":{"rendered":"https:\/\/www.laligue85.org\/fra\/?page_id=12772"},"modified":"2024-03-01T13:57:48","modified_gmt":"2024-03-01T12:57:48","slug":"le-projet-mon-quartier-espace-de-biodiversite","status":"publish","type":"page","link":"https:\/\/www.laligue85.org\/fra\/le-projet-mon-quartier-espace-de-biodiversite\/","title":{"rendered":"Le Projet \u00ab\u00a0Mon Quartier, Espace de Biodiversit\u00e9\u00a0\u00bb"},"content":{"rendered":"<p>[vc_row][vc_column][vc_column_text]<\/p>\n<h1 style=\"text-align: center\"><strong><span style=\"font-family: helvetica, arial, sans-serif;color: #008000\">Le Projet : \u00ab\u00a0Mon Quartier, Espace de Biodiversit\u00e9\u00a0\u00bb<\/span><\/strong><\/h1>\n<p>[\/vc_column_text][\/vc_column][vc_column][vc_column_text]<\/p>\n<p style=\"text-align: center\"><span style=\"font-family: helvetica, arial, sans-serif\">\u00c0 l\u2019automne 2021, l\u2019Office Fran\u00e7ais de la biodiversit\u00e9 lance un appel \u00e0 projet national visant \u00e0 prot\u00e9ger et restaurer la biodiversit\u00e9 sur l\u2019ensemble du territoire fran\u00e7ais par toutes les initiatives locales qui y concourront. Parmi plus d\u2019une centaine de projets d\u00e9pos\u00e9s au niveau national, <strong>\u00ab Mon Quartier espace de biodiversit\u00e9 \u00bb<\/strong> a \u00e9t\u00e9 retenu en Vend\u00e9e. <\/span><\/p>\n<p style=\"text-align: center\"><span style=\"font-family: helvetica, arial, sans-serif\"><strong>\u00ab Mon Quartier Espace de Biodiversit\u00e9 \u00bb<\/strong> : c\u2019est un projet local qui vise \u00e0 favoriser l\u2019appropriation des enjeux de biodiversit\u00e9 au travers de la sensibilisation et de la mise en place d\u2019actions concr\u00e8tes autour de la biodiversit\u00e9 ordinaire en ville ; et du lien ville campagne. Un projet pour et par les citoyens. Si la <em>Ligue de l\u2019Enseignement de Vend\u00e9e<\/em> est porteuse principale du projet, ce projet s\u2019inscrit dans une dynamique collective avec nos interlocuteurs de la <em>LPO Vend\u00e9e<\/em>, et de <em>Terre des Sciences<\/em>, <em>centre de culture scientifique, technique et industrielle<\/em>. Nos trois structures ont l\u2019habitude de travailler ensemble et sont compl\u00e9mentaires ; Ligue de l\u2019enseignement pour le volet \u00c9ducation Populaire, LPO notamment pour le lien avec l\u2019agriculture via son programme \u00ab Paysans de Nature \u00bb, et Terre des Sciences (CCSTI) en tant que relais local de programmes de sciences participatives et coordinatrice de divers projets autour de la sensibilisation \u00e0 la biodiversit\u00e9.<\/span><\/p>\n<p style=\"text-align: center\"><span style=\"font-family: helvetica, arial, sans-serif\">Apr\u00e8s un temps d\u00e9di\u00e9 \u00e0 la mise en place d&rsquo;animations autour des sujets de biodiversit\u00e9 dans les quartiers, le dispositif vise \u00e0 accompagner les initiatives et acteurs locaux au travers de collectifs structur\u00e9s sur les diff\u00e9rents QPV. <\/span><span style=\"font-family: helvetica, arial, sans-serif\">Outre l\u2019appropriation des enjeux de biodiversit\u00e9 de leurs quartiers, nous souhaitons favoriser les synergies entre quartiers afin de cr\u00e9er une \u00e9mulation collective autour de la pr\u00e9servation du territoire Yonnais dans son <\/span><span style=\"font-family: helvetica, arial, sans-serif\">ensemble.<\/span><\/p>\n<p style=\"text-align: center\"><span style=\"font-family: helvetica, arial, sans-serif\">Ce projet s\u2019appuie sur le dispositif \u00ab Mon village, espace de biodiversit\u00e9 \u00bb d\u00e9velopp\u00e9 par le CNRS de Chiz\u00e9 en l\u2019adaptant au contexte urbain.<\/span><\/p>\n<p>[\/vc_column_text][\/vc_column][\/vc_row][vc_row el_class=\u00a0\u00bbTout savoir sur le projet\u00a0\u00bb][vc_column][vc_text_separator title=\u00a0\u00bbTout savoir sur le projet\u00a0\u00bb title_align=\u00a0\u00bbseparator_align_left\u00a0\u00bb color=\u00a0\u00bbgreen\u00a0\u00bb border_width=\u00a0\u00bb2&Prime;][vc_raw_html]JTNDaWZyYW1lJTIwc3R5bGUlM0QlMjJib3JkZXItcmFkaXVzJTNBMTJweCUyMiUyMHNyYyUzRCUyMmh0dHBzJTNBJTJGJTJGb3Blbi5zcG90aWZ5LmNvbSUyRmVtYmVkJTJGZXBpc29kZSUyRjNzYXcyWEJuWm5iRndET29HS284QVElM0Z1dG1fc291cmNlJTNEZ2VuZXJhdG9yJTIyJTIwd2lkdGglM0QlMjIxMDAlMjUlMjIlMjBoZWlnaHQlM0QlMjIzNTIlMjIlMjBmcmFtZUJvcmRlciUzRCUyMjAlMjIlMjBhbGxvd2Z1bGxzY3JlZW4lM0QlMjIlMjIlMjBhbGxvdyUzRCUyMmF1dG9wbGF5JTNCJTIwY2xpcGJvYXJkLXdyaXRlJTNCJTIwZW5jcnlwdGVkLW1lZGlhJTNCJTIwZnVsbHNjcmVlbiUzQiUyMHBpY3R1cmUtaW4tcGljdHVyZSUyMiUyMGxvYWRpbmclM0QlMjJsYXp5JTIyJTNFJTNDJTJGaWZyYW1lJTNF[\/vc_raw_html][\/vc_column][\/vc_row][vc_row][vc_column][vc_text_separator title=\u00a0\u00bbCalendrier et affiches des prochains \u00e9v\u00e9nements\u00a0\u00bb title_align=\u00a0\u00bbseparator_align_left\u00a0\u00bb color=\u00a0\u00bbgreen\u00a0\u00bb border_width=\u00a0\u00bb2&Prime;][\/vc_column][vc_column width=\u00a0\u00bb1\/2&Prime;][vc_raw_html]JTNDaWZyYW1lJTIwd2lkdGglM0QlMjI0MDAlMjIlMjBoZWlnaHQlM0QlMjI4MDAlMjIlMjBzcmMlM0QlMjJodHRwcyUzQSUyRiUyRmNsb3VkLmZyYW1hbGlndWUub3JnJTJGYXBwcyUyRmNhbGVuZGFyJTJGZW1iZWQlMkZrdG9heVo2Y1FFWnRSWEVTJTIyJTNFJTNDJTJGaWZyYW1lJTNF[\/vc_raw_html][\/vc_column][vc_column width=\u00a0\u00bb1\/2&Prime;][vc_images_carousel images=\u00a0\u00bb14082,14085&Prime; img_size=\u00a0\u00bbfull\u00a0\u00bb onclick=\u00a0\u00bblink_no\u00a0\u00bb autoplay=\u00a0\u00bbyes\u00a0\u00bb wrap=\u00a0\u00bbyes\u00a0\u00bb][\/vc_column][\/vc_row][vc_row][vc_column][vc_text_separator title=\u00a0\u00bbComptes-rendus des r\u00e9unions des collectifs\u00a0\u00bb title_align=\u00a0\u00bbseparator_align_left\u00a0\u00bb color=\u00a0\u00bbgreen\u00a0\u00bb border_width=\u00a0\u00bb2&Prime;][vc_column_text]<\/p>\n<ul>\n<li><a href=\"http:\/\/www.laligue85.org\/fra\/wp-content\/uploads\/2023\/03\/Liberte-Reunion-n\u00b01-CR-27-01-23.pdf\" class=\"mtli_attachment mtli_pdf\" target=\"_blank\" rel=\"noopener\"><span style=\"font-family: helvetica, arial, sans-serif\">Libert\u00e9 &#8211; R\u00e9union du collectif n\u00b01 du 27 janvier 2023<\/span><\/a><\/li>\n<li><a href=\"http:\/\/www.laligue85.org\/fra\/wp-content\/uploads\/2023\/03\/Liberte-Reunion-n\u00b02-CR-21-02-23.pdf\" class=\"mtli_attachment mtli_pdf\" target=\"_blank\" rel=\"noopener\"><span style=\"font-family: helvetica, arial, sans-serif\">Libert\u00e9 &#8211; R\u00e9union du collectif n\u00b02 du 21 f\u00e9vrier 2023<\/span><\/a><\/li>\n<li><a href=\"http:\/\/www.laligue85.org\/fra\/wp-content\/uploads\/2023\/03\/Liberte-Reunion-n\u00b03-CR-28-03-23.pdf\" class=\"mtli_attachment mtli_pdf\" target=\"_blank\" rel=\"noopener\"><span style=\"font-family: helvetica, arial, sans-serif\">Libert\u00e9 &#8211; R\u00e9union du collectif n\u00b03 du 27 mars 2023<\/span><\/a><\/li>\n<li><a href=\"http:\/\/www.laligue85.org\/fra\/wp-content\/uploads\/2023\/04\/Liberte-Reunion-n\u00b04-CR-24-04-23.pdf\" class=\"mtli_attachment mtli_pdf\"><span style=\"font-family: helvetica, arial, sans-serif\">Libert\u00e9 &#8211; R\u00e9union du collectif n\u00b04 du 24 avril 2023<\/span><\/a><\/li>\n<li><a href=\"http:\/\/www.laligue85.org\/fra\/wp-content\/uploads\/2023\/06\/Liberte-Reunion-n\u00b05-CR-22-05-23.pdf\" class=\"mtli_attachment mtli_pdf\">Libert\u00e9- R\u00e9union du collectif n\u00b05 du 22 mai 2023<\/a><\/li>\n<li><a href=\"http:\/\/www.laligue85.org\/fra\/wp-content\/uploads\/2023\/06\/Liberte-Reunion-n\u00b06-CR-23-06-23.pdf\" class=\"mtli_attachment mtli_pdf\">Libert\u00e9 &#8211; R\u00e9union du collectif n\u00b06 du 23 juin 2023<\/a><\/li>\n<li><a href=\"http:\/\/www.laligue85.org\/fra\/wp-content\/uploads\/2023\/09\/Liberte-Reunion-n\u00b07-CR-28-08-23.pdf\" class=\"mtli_attachment mtli_pdf\">Libert\u00e9 &#8211; R\u00e9union du collectif n\u00b07 du 28 ao\u00fbt 2023<\/a><\/li>\n<li><a href=\"http:\/\/www.laligue85.org\/fra\/wp-content\/uploads\/2023\/09\/Liberte-Reunion-n\u00b08-CR-25-09-23_compressed.pdf\" class=\"mtli_attachment mtli_pdf\">Libert\u00e9 &#8211; R\u00e9union du collectif n\u00b08 du 25 septembre 2023<\/a><\/li>\n<li><a href=\"http:\/\/www.laligue85.org\/fra\/wp-content\/uploads\/2023\/10\/JYP-Reunion-n\u00b03-CR-10-10-23_compressed.pdf\" class=\"mtli_attachment mtli_pdf\">Libert\u00e9 &#8211; Rencontre collectif-ville-VH du 4 octobre 2023<\/a><\/li>\n<li><a href=\"http:\/\/www.laligue85.org\/fra\/wp-content\/uploads\/2023\/10\/Liberte-Reunion-n\u00b09-CR-16-10-23_compressed.pdf\" class=\"mtli_attachment mtli_pdf\">Libert\u00e9 &#8211; R\u00e9union du collectif n\u00b09 du 16 octobre 2023<\/a><\/li>\n<\/ul>\n<p>&nbsp;<\/p>\n<ul>\n<li><span style=\"font-family: helvetica, arial, sans-serif\"><a href=\"http:\/\/www.laligue85.org\/fra\/wp-content\/uploads\/2023\/03\/Zola-Reunion-n\u00b01-CR-03-02-23.pdf\" class=\"mtli_attachment mtli_pdf\" target=\"_blank\" rel=\"noopener\">Zola &#8211; R\u00e9union du collectif n\u00b01 du 3 f\u00e9vrier 2023<\/a><br \/>\n<\/span><\/li>\n<li><a href=\"http:\/\/www.laligue85.org\/fra\/wp-content\/uploads\/2023\/03\/Zola-Reunion-n\u00b02-CR-10-03-23.pdf\" class=\"mtli_attachment mtli_pdf\" target=\"_blank\" rel=\"noopener\"><span style=\"font-family: helvetica, arial, sans-serif\">Zola &#8211; R\u00e9union du collectif n\u00b02 du 10 mars 2023<\/span><\/a><\/li>\n<li><a href=\"http:\/\/www.laligue85.org\/fra\/wp-content\/uploads\/2023\/04\/Zola-Reunion-n\u00b03-CR-12-04-23.pdf\" class=\"mtli_attachment mtli_pdf\"><span style=\"font-family: helvetica, arial, sans-serif\">Zola &#8211; R\u00e9union du collectif n\u00b03 du 12 avril 2023<\/span> <\/a><\/li>\n<li><a href=\"http:\/\/www.laligue85.org\/fra\/wp-content\/uploads\/2023\/06\/Zola-Reunion-n\u00b04-CR-12-05-23.pdf\" class=\"mtli_attachment mtli_pdf\"><span style=\"font-family: helvetica, arial, sans-serif\">Zola &#8211; R\u00e9union du collectif n\u00b04 du 12 mai 2023<\/span><\/a><\/li>\n<li><a href=\"http:\/\/www.laligue85.org\/fra\/wp-content\/uploads\/2023\/06\/Zola-Reunion-n\u00b05-CR-16-06-23.pdf\" class=\"mtli_attachment mtli_pdf\"><span style=\"font-family: helvetica, arial, sans-serif\">Zola &#8211; R\u00e9union du collectif n\u00b05 du 16 juin 2023<\/span><\/a><\/li>\n<li><a href=\"http:\/\/www.laligue85.org\/fra\/wp-content\/uploads\/2023\/09\/Zola-Reunion-n\u00b06-CR-01-09-23_compressed.pdf\" class=\"mtli_attachment mtli_pdf\">Zola &#8211; R\u00e9union du collectif n\u00b06 du 1er septembre 2023<\/a><\/li>\n<li><a href=\"http:\/\/www.laligue85.org\/fra\/wp-content\/uploads\/2023\/10\/Zola-Reunion-n\u00b07-CR-29-09-23-et-rencontre-du-02-10-23_compressed-1.pdf\" class=\"mtli_attachment mtli_pdf\">Zola &#8211; R\u00e9unions du 29 septembre et 2 octobre 2023<\/a><\/li>\n<\/ul>\n<p>&nbsp;<\/p>\n<ul>\n<li><a href=\"http:\/\/www.laligue85.org\/fra\/wp-content\/uploads\/2023\/03\/Vigne-aux-Roses-Reunion-n\u00b01-CR-23-03-23.pdf\" class=\"mtli_attachment mtli_pdf\" target=\"_blank\" rel=\"noopener\"><span style=\"font-family: helvetica, arial, sans-serif\">Vigne aux Roses &#8211; R\u00e9union du collectif n\u00b01 du 23 mars 2023<\/span><\/a><\/li>\n<li><a href=\"http:\/\/www.laligue85.org\/fra\/wp-content\/uploads\/2023\/04\/Vigne-aux-Roses-Reunion-n\u00b02-CR-24-04-23.pdf\" class=\"mtli_attachment mtli_pdf\">Vigne aux Roses &#8211; R\u00e9union du collectif n\u00b02 du 24 avril 2023<\/a><\/li>\n<li><a href=\"http:\/\/www.laligue85.org\/fra\/wp-content\/uploads\/2023\/06\/Vigne-aux-Roses-Reunion-n\u00b03-CR-11-05-23.pdf\" class=\"mtli_attachment mtli_pdf\">Vigne aux Roses &#8211; R\u00e9union du collectif n\u00b03 du 11 mai 2023<\/a><\/li>\n<li><a href=\"http:\/\/www.laligue85.org\/fra\/wp-content\/uploads\/2023\/07\/Vigne-aux-Roses-Reunion-n\u00b04-CR-7-07-23.pdf\" class=\"mtli_attachment mtli_pdf\">Vigne aux Roses &#8211; R\u00e9union du collectif n\u00b04 du 7 juillet 2023<\/a><\/li>\n<li><a href=\"http:\/\/www.laligue85.org\/fra\/wp-content\/uploads\/2023\/10\/Vigne-aux-Roses-Reunion-n\u00b05-CR-11-09-23_compressed.pdf\" class=\"mtli_attachment mtli_pdf\">Vigne aux Roses &#8211; R\u00e9union du collectif n\u00b05 du 11 septembre 2023<\/a><\/li>\n<\/ul>\n<p>&nbsp;<\/p>\n<ul>\n<li><a href=\"http:\/\/www.laligue85.org\/fra\/wp-content\/uploads\/2023\/07\/JYP-Reunion-n\u00b01-CR-03-07-23_compressed.pdf\" class=\"mtli_attachment mtli_pdf\">Jean Yole &#8211; Pyramides &#8211; R\u00e9union du collectif n\u00b01 du 3 juillet 2023<\/a><\/li>\n<li><a href=\"http:\/\/www.laligue85.org\/fra\/wp-content\/uploads\/2023\/09\/JYP-Reunion-n\u00b02-CR-18-09-23.pdf\" class=\"mtli_attachment mtli_pdf\">Jean Yole &#8211; Pyramides &#8211; R\u00e9union du collectif n\u00b02 du 18 septembre 2023<\/a><\/li>\n<li><a href=\"http:\/\/www.laligue85.org\/fra\/wp-content\/uploads\/2023\/10\/JYP-Reunion-n\u00b03-CR-10-10-23_compressed.pdf\" class=\"mtli_attachment mtli_pdf\">Jean Yole &#8211; Pyramides &#8211; R\u00e9union du collectif n\u00b03 du 10 octobre 2023<\/a><\/li>\n<\/ul>\n<p>[\/vc_column_text][\/vc_column][\/vc_row][vc_row][vc_column][vc_text_separator title=\u00a0\u00bbOn parle de nous !\u00a0\u00bb title_align=\u00a0\u00bbseparator_align_left\u00a0\u00bb color=\u00a0\u00bbgreen\u00a0\u00bb border_width=\u00a0\u00bb2&Prime;][\/vc_column][\/vc_row][vc_row][vc_column width=\u00a0\u00bb1\/6&Prime;][vc_column_text]<div class=\"item simple-grid-item vntd-content-box simple-grid-boxed img-hover-effect-zoom caption-align-left vntd-with-arrow\"><div class=\"simple-grid-image\"><a href=\"http:\/\/www.laligue85.org\/fra\/wp-content\/uploads\/2023\/02\/29-07-22-OF-la-biodiversite-a-la-loupe-dans-les-quartiers-de-la-roche.png\" title=\"La biodiversite \u00e0 la loupe dans les quartiers de la ville\" target=\"_self\"><img decoding=\"async\" src=\"https:\/\/www.laligue85.org\/fra\/wp-content\/uploads\/2023\/02\/29-07-22-OF-la-biodiversite-a-la-loupe-dans-les-quartiers-de-la-roche-600x420.png\" alt=\"La biodiversite \u00e0 la loupe dans les quartiers de la ville\"><\/a><\/div><div class=\"simple-grid-caption vntd-caption\"><a href=\"http:\/\/www.laligue85.org\/fra\/wp-content\/uploads\/2023\/02\/29-07-22-OF-la-biodiversite-a-la-loupe-dans-les-quartiers-de-la-roche.png\" title=\"La biodiversite \u00e0 la loupe dans les quartiers de la ville\" target=\"_self\"><h6 class=\"simple-grid-title\">La biodiversite \u00e0 la loupe dans les quartiers de la ville<\/h6><\/a><p class=\"simple-grid-description\">Article paru dans le Ouest France le 29 Juillet 2022<\/p><a href=\"http:\/\/www.laligue85.org\/fra\/wp-content\/uploads\/2023\/02\/29-07-22-OF-la-biodiversite-a-la-loupe-dans-les-quartiers-de-la-roche.png\" class=\"simple-grid-btn post-more\">Learn More<\/a><\/div><\/div>[\/vc_column_text][\/vc_column][vc_column width=\u00a0\u00bb1\/6&Prime;][vc_column_text]<div class=\"item simple-grid-item vntd-content-box simple-grid-boxed img-hover-effect-zoom caption-align-left vntd-with-arrow\"><div class=\"simple-grid-image\"><a href=\"http:\/\/www.laligue85.org\/fra\/wp-content\/uploads\/2023\/02\/Page-Roche-Mag-Novembre-2022.pdf\" class=\"mtli_attachment mtli_pdf\" title=\"D\u00e9couvrir la biodiversit\u00e9 qui nous entoure\" target=\"_self\"><img decoding=\"async\" src=\"https:\/\/www.laligue85.org\/fra\/wp-content\/uploads\/2023\/02\/Photo-Roche-Mag-600x420.png\" alt=\"D\u00e9couvrir la biodiversit\u00e9 qui nous entoure\"><\/a><\/div><div class=\"simple-grid-caption vntd-caption\"><a href=\"http:\/\/www.laligue85.org\/fra\/wp-content\/uploads\/2023\/02\/Page-Roche-Mag-Novembre-2022.pdf\" class=\"mtli_attachment mtli_pdf\" title=\"D\u00e9couvrir la biodiversit\u00e9 qui nous entoure\" target=\"_self\"><h6 class=\"simple-grid-title\">D\u00e9couvrir la biodiversit\u00e9 qui nous entoure<\/h6><\/a><p class=\"simple-grid-description\">La Roche Mag - Edition Novembre 2022<\/p><a href=\"http:\/\/www.laligue85.org\/fra\/wp-content\/uploads\/2023\/02\/Page-Roche-Mag-Novembre-2022.pdf\" class=\"mtli_attachment mtli_pdf\" class=\"simple-grid-btn post-more\">Learn More<\/a><\/div><\/div>[\/vc_column_text][\/vc_column][vc_column width=\u00a0\u00bb1\/6&Prime;][vc_column_text]<div class=\"item simple-grid-item vntd-content-box simple-grid-boxed img-hover-effect-zoom caption-align-left vntd-with-arrow\"><div class=\"simple-grid-image\"><a href=\"https:\/\/www.ouest-france.fr\/pays-de-la-loire\/la-roche-sur-yon-85000\/ce-serait-dommage-de-les-abattre-qui-veut-l-aider-a-sauver-ses-arbres-a-la-roche-sur-yon-c6fdfc06-8ea6-11ed-a83c-5fc068d38200\" title=\"\u00ab Ce serait dommage de les abattre \u00bb : qui veut l\u2019aider \u00e0 sauver ses arbres \u00e0 La Roche-sur-Yon ?\" target=\"_self\"><img decoding=\"async\" src=\"https:\/\/www.laligue85.org\/fra\/wp-content\/uploads\/2023\/02\/12-01-23-OF-elle-veut-demenager-ses-arbres-fruitiers-600x420.png\" alt=\"\u00ab Ce serait dommage de les abattre \u00bb : qui veut l\u2019aider \u00e0 sauver ses arbres \u00e0 La Roche-sur-Yon ?\"><\/a><\/div><div class=\"simple-grid-caption vntd-caption\"><a href=\"https:\/\/www.ouest-france.fr\/pays-de-la-loire\/la-roche-sur-yon-85000\/ce-serait-dommage-de-les-abattre-qui-veut-l-aider-a-sauver-ses-arbres-a-la-roche-sur-yon-c6fdfc06-8ea6-11ed-a83c-5fc068d38200\" title=\"\u00ab Ce serait dommage de les abattre \u00bb : qui veut l\u2019aider \u00e0 sauver ses arbres \u00e0 La Roche-sur-Yon ?\" target=\"_self\"><h6 class=\"simple-grid-title\">\u00ab Ce serait dommage de les abattre \u00bb : qui veut l\u2019aider \u00e0 sauver ses arbres \u00e0 La Roche-sur-Yon ?<\/h6><\/a><p class=\"simple-grid-description\">Article paru dans le Ouest France le 11 janvier 2023<\/p><a href=\"https:\/\/www.ouest-france.fr\/pays-de-la-loire\/la-roche-sur-yon-85000\/ce-serait-dommage-de-les-abattre-qui-veut-l-aider-a-sauver-ses-arbres-a-la-roche-sur-yon-c6fdfc06-8ea6-11ed-a83c-5fc068d38200\" class=\"simple-grid-btn post-more\">Learn More<\/a><\/div><\/div>[\/vc_column_text][\/vc_column][vc_column width=\u00a0\u00bb1\/6&Prime;][vc_column_text]<div class=\"item simple-grid-item vntd-content-box simple-grid-boxed img-hover-effect-zoom caption-align-left vntd-with-arrow\"><div class=\"simple-grid-image\"><a href=\"https:\/\/www.ouest-france.fr\/pays-de-la-loire\/la-roche-sur-yon-85000\/a-la-roche-sur-yon-dans-le-quartier-des-pyramides-le-jardin-sera-ouvert-a-tous-les-habitants-ac6bf876-9404-11ed-a88d-9c016a4fb110\" title=\"\u00c0 La Roche-sur-Yon, dans le quartier des Pyramides, le jardin sera ouvert \u00e0 tous les habitants\" target=\"_self\"><img decoding=\"async\" src=\"https:\/\/www.laligue85.org\/fra\/wp-content\/uploads\/2023\/02\/18-01-2023-OF-aux-pyramides-le-jardin-ouvert-a-tous-les-habitants-600x420.png\" alt=\"\u00c0 La Roche-sur-Yon, dans le quartier des Pyramides, le jardin sera ouvert \u00e0 tous les habitants\"><\/a><\/div><div class=\"simple-grid-caption vntd-caption\"><a href=\"https:\/\/www.ouest-france.fr\/pays-de-la-loire\/la-roche-sur-yon-85000\/a-la-roche-sur-yon-dans-le-quartier-des-pyramides-le-jardin-sera-ouvert-a-tous-les-habitants-ac6bf876-9404-11ed-a88d-9c016a4fb110\" title=\"\u00c0 La Roche-sur-Yon, dans le quartier des Pyramides, le jardin sera ouvert \u00e0 tous les habitants\" target=\"_self\"><h6 class=\"simple-grid-title\">\u00c0 La Roche-sur-Yon, dans le quartier des Pyramides, le jardin sera ouvert \u00e0 tous les habitants<\/h6><\/a><p class=\"simple-grid-description\">Article paru dans le Ouest France le 17 janvier 2023<\/p><a href=\"https:\/\/www.ouest-france.fr\/pays-de-la-loire\/la-roche-sur-yon-85000\/a-la-roche-sur-yon-dans-le-quartier-des-pyramides-le-jardin-sera-ouvert-a-tous-les-habitants-ac6bf876-9404-11ed-a88d-9c016a4fb110\" class=\"simple-grid-btn post-more\">Learn More<\/a><\/div><\/div>[\/vc_column_text][\/vc_column][vc_column width=\u00a0\u00bb1\/6&Prime;][vc_column_text]<div class=\"item simple-grid-item vntd-content-box simple-grid-boxed img-hover-effect-zoom caption-align-left vntd-with-arrow\"><div class=\"simple-grid-image\"><a href=\"https:\/\/www.ouest-france.fr\/pays-de-la-loire\/la-roche-sur-yon-85000\/elle-voulait-sauver-ses-arbres-les-habitants-de-la-roche-sur-yon-invites-a-les-replanter-24462cb8-9f27-11ed-ba61-53f7b549f1bc\" title=\"Elle voulait sauver ses arbres, les habitants de La Roche-sur-Yon invit\u00e9s \u00e0 les replanter\" target=\"_self\"><img decoding=\"async\" src=\"https:\/\/www.laligue85.org\/fra\/wp-content\/uploads\/2023\/02\/31-01-2023-OF-vignes-aux-roses-les-arbres-replantes-par-les-habitants-600x420.png\" alt=\"Elle voulait sauver ses arbres, les habitants de La Roche-sur-Yon invit\u00e9s \u00e0 les replanter\"><\/a><\/div><div class=\"simple-grid-caption vntd-caption\"><a href=\"https:\/\/www.ouest-france.fr\/pays-de-la-loire\/la-roche-sur-yon-85000\/elle-voulait-sauver-ses-arbres-les-habitants-de-la-roche-sur-yon-invites-a-les-replanter-24462cb8-9f27-11ed-ba61-53f7b549f1bc\" title=\"Elle voulait sauver ses arbres, les habitants de La Roche-sur-Yon invit\u00e9s \u00e0 les replanter\" target=\"_self\"><h6 class=\"simple-grid-title\">Elle voulait sauver ses arbres, les habitants de La Roche-sur-Yon invit\u00e9s \u00e0 les replanter<\/h6><\/a><p class=\"simple-grid-description\">Article paru dans le Ouest France le 30 janvier 2023<\/p><a href=\"https:\/\/www.ouest-france.fr\/pays-de-la-loire\/la-roche-sur-yon-85000\/elle-voulait-sauver-ses-arbres-les-habitants-de-la-roche-sur-yon-invites-a-les-replanter-24462cb8-9f27-11ed-ba61-53f7b549f1bc\" class=\"simple-grid-btn post-more\">Learn More<\/a><\/div><\/div>[\/vc_column_text][\/vc_column][vc_column width=\u00a0\u00bb1\/6&Prime;][vc_column_text]<div class=\"item simple-grid-item vntd-content-box simple-grid-boxed img-hover-effect-zoom caption-align-left vntd-with-arrow\"><div class=\"simple-grid-image\"><a href=\"http:\/\/www.laligue85.org\/fra\/wp-content\/uploads\/2023\/02\/06-01-23-OF-cest-bien-de-les-planter-pres-des-immeubles.png\" title=\"\u00ab C\u2019est bien de les planter ici, pr\u00e8s des immeubles \u00bb : \u00e0 La Roche-sur-Yon, des arbres d\u00e9m\u00e9nagent\" target=\"_self\"><img decoding=\"async\" src=\"https:\/\/www.laligue85.org\/fra\/wp-content\/uploads\/2023\/02\/06-01-23-OF-cest-bien-de-les-planter-pres-des-immeubles-369x420.png\" alt=\"\u00ab C\u2019est bien de les planter ici, pr\u00e8s des immeubles \u00bb : \u00e0 La Roche-sur-Yon, des arbres d\u00e9m\u00e9nagent\"><\/a><\/div><div class=\"simple-grid-caption vntd-caption\"><a href=\"http:\/\/www.laligue85.org\/fra\/wp-content\/uploads\/2023\/02\/06-01-23-OF-cest-bien-de-les-planter-pres-des-immeubles.png\" title=\"\u00ab C\u2019est bien de les planter ici, pr\u00e8s des immeubles \u00bb : \u00e0 La Roche-sur-Yon, des arbres d\u00e9m\u00e9nagent\" target=\"_self\"><h6 class=\"simple-grid-title\">\u00ab C\u2019est bien de les planter ici, pr\u00e8s des immeubles \u00bb : \u00e0 La Roche-sur-Yon, des arbres d\u00e9m\u00e9nagent<\/h6><\/a><p class=\"simple-grid-description\">Article paru dans le Ouest France le 4 f\u00e9vrier 2023<\/p><a href=\"http:\/\/www.laligue85.org\/fra\/wp-content\/uploads\/2023\/02\/06-01-23-OF-cest-bien-de-les-planter-pres-des-immeubles.png\" class=\"simple-grid-btn post-more\">Learn More<\/a><\/div><\/div>[\/vc_column_text][\/vc_column][\/vc_row][vc_row][vc_column width=\u00a0\u00bb1\/6&Prime;]<div class=\"item simple-grid-item vntd-content-box simple-grid-boxed img-hover-effect-zoom caption-align-left vntd-with-arrow\"><div class=\"simple-grid-image\"><a href=\"http:\/\/www.laligue85.org\/fra\/wp-content\/uploads\/2023\/03\/22-03-23-JPY-le-quartier-se-reve-en-vert-1.png\" title=\"Le quartier se r\u00eave en vert\" target=\"_self\"><img decoding=\"async\" src=\"https:\/\/www.laligue85.org\/fra\/wp-content\/uploads\/2023\/03\/22-03-23-JPY-le-quartier-se-reve-en-vert-1-600x420.png\" alt=\"Le quartier se r\u00eave en vert\"><\/a><\/div><div class=\"simple-grid-caption vntd-caption\"><a href=\"http:\/\/www.laligue85.org\/fra\/wp-content\/uploads\/2023\/03\/22-03-23-JPY-le-quartier-se-reve-en-vert-1.png\" title=\"Le quartier se r\u00eave en vert\" target=\"_self\"><h6 class=\"simple-grid-title\">Le quartier se r\u00eave en vert<\/h6><\/a><p class=\"simple-grid-description\">Article paru dans le Journal du Pays Yonnais le 17 mars 2023<\/p><a href=\"http:\/\/www.laligue85.org\/fra\/wp-content\/uploads\/2023\/03\/22-03-23-JPY-le-quartier-se-reve-en-vert-1.png\" class=\"simple-grid-btn post-more\">Learn More<\/a><\/div><\/div>[\/vc_column][vc_column width=\u00a0\u00bb1\/6&Prime;]<div class=\"item simple-grid-item vntd-content-box simple-grid-boxed img-hover-effect-zoom caption-align-left vntd-with-arrow\"><div class=\"simple-grid-image\"><a href=\"http:\/\/www.laligue85.org\/fra\/wp-content\/uploads\/2023\/04\/Roche-.png\" title=\"Zoom sur \u00abF\u00eate une autre Terre\u00bb\" target=\"_self\"><img decoding=\"async\" src=\"https:\/\/www.laligue85.org\/fra\/wp-content\/uploads\/2023\/04\/Roche--369x420.png\" alt=\"Zoom sur \u00abF\u00eate une autre Terre\u00bb\"><\/a><\/div><div class=\"simple-grid-caption vntd-caption\"><a href=\"http:\/\/www.laligue85.org\/fra\/wp-content\/uploads\/2023\/04\/Roche-.png\" title=\"Zoom sur \u00abF\u00eate une autre Terre\u00bb\" target=\"_self\"><h6 class=\"simple-grid-title\">Zoom sur \u00abF\u00eate une autre Terre\u00bb<\/h6><\/a><p class=\"simple-grid-description\">Article paru dans Sortir + d&#039;avril 2023<\/p><a href=\"http:\/\/www.laligue85.org\/fra\/wp-content\/uploads\/2023\/04\/Roche-.png\" class=\"simple-grid-btn post-more\">Learn More<\/a><\/div><\/div>[\/vc_column][vc_column width=\u00a0\u00bb1\/6&Prime;]<div class=\"item simple-grid-item vntd-content-box simple-grid-boxed img-hover-effect-zoom caption-align-left vntd-with-arrow\"><div class=\"simple-grid-image\"><a href=\"http:\/\/www.laligue85.org\/fra\/wp-content\/uploads\/2023\/04\/19-04-23-OF-Fete-une-autre-terre-fait-escale-a-Jean-Yole.png\" title=\"\u00ab F\u00eate une autre Terre \u00bb fait escale \u00e0 Jean Yole\" target=\"_self\"><img decoding=\"async\" src=\"https:\/\/www.laligue85.org\/fra\/wp-content\/uploads\/2023\/04\/19-04-23-OF-Fete-une-autre-terre-fait-escale-a-Jean-Yole-595x420.png\" alt=\"\u00ab F\u00eate une autre Terre \u00bb fait escale \u00e0 Jean Yole\"><\/a><\/div><div class=\"simple-grid-caption vntd-caption\"><a href=\"http:\/\/www.laligue85.org\/fra\/wp-content\/uploads\/2023\/04\/19-04-23-OF-Fete-une-autre-terre-fait-escale-a-Jean-Yole.png\" title=\"\u00ab F\u00eate une autre Terre \u00bb fait escale \u00e0 Jean Yole\" target=\"_self\"><h6 class=\"simple-grid-title\">\u00ab F\u00eate une autre Terre \u00bb fait escale \u00e0 Jean Yole<\/h6><\/a><p class=\"simple-grid-description\">Article paru dans le Ouest France le 19 avril 2023<\/p><a href=\"http:\/\/www.laligue85.org\/fra\/wp-content\/uploads\/2023\/04\/19-04-23-OF-Fete-une-autre-terre-fait-escale-a-Jean-Yole.png\" class=\"simple-grid-btn post-more\">Learn More<\/a><\/div><\/div>[\/vc_column][vc_column width=\u00a0\u00bb1\/6&Prime;][\/vc_column][vc_column width=\u00a0\u00bb1\/6&Prime;][\/vc_column][vc_column width=\u00a0\u00bb1\/6&Prime;][\/vc_column][\/vc_row][vc_row][vc_column][vc_text_separator title=\u00a0\u00bbGalerie photo\u00a0\u00bb title_align=\u00a0\u00bbseparator_align_left\u00a0\u00bb color=\u00a0\u00bbgreen\u00a0\u00bb border_width=\u00a0\u00bb2&Prime;][vc_gallery type=\u00a0\u00bbimage_grid\u00a0\u00bb images=\u00a0\u00bb12617,12619,12702,13170,12623,12700,12703,12639,13174,12698,13172,13171,13169,13167,13166,13165,13173,13164,13168,13208,13209,13216,13217,13215,13454,13713,13942,13941&Prime;][\/vc_column][\/vc_row]<\/p>\n","protected":false},"excerpt":{"rendered":"<p>[vc_row][vc_column][vc_column_text] Le Projet : \u00ab\u00a0Mon Quartier, Espace de Biodiversit\u00e9\u00a0\u00bb [\/vc_column_text][\/vc_column][vc_column][vc_column_text] \u00c0 l\u2019automne 2021, l\u2019Office Fran\u00e7ais de la biodiversit\u00e9 lance un appel \u00e0 projet national visant \u00e0 prot\u00e9ger et restaurer la biodiversit\u00e9 sur l\u2019ensemble du territoire fran\u00e7ais par toutes les initiatives locales qui y concourront. Parmi plus d\u2019une centaine de projets [&hellip;]<\/p>\n","protected":false},"author":10,"featured_media":0,"parent":0,"menu_order":0,"comment_status":"closed","ping_status":"closed","template":"","meta":{"jetpack_post_was_ever_published":false,"footnotes":""},"class_list":["post-12772","page","type-page","status-publish","hentry"],"yoast_head":"<!-- This site is optimized with the Yoast SEO plugin v20.0 - https:\/\/yoast.com\/wordpress\/plugins\/seo\/ -->\n<title>Le Projet &quot;Mon Quartier, Espace de Biodiversit\u00e9&quot; - La Ligue de l&#039;Enseignement de Vend\u00e9e<\/title>\n<meta name=\"robots\" content=\"index, follow, max-snippet:-1, max-image-preview:large, max-video-preview:-1\" \/>\n<link rel=\"canonical\" href=\"http:\/\/www.laligue85.org\/fra\/le-projet-mon-quartier-espace-de-biodiversite\/\" \/>\n<meta property=\"og:locale\" content=\"fr_FR\" \/>\n<meta property=\"og:type\" content=\"article\" \/>\n<meta property=\"og:title\" content=\"Le Projet &quot;Mon Quartier, Espace de Biodiversit\u00e9&quot; - La Ligue de l&#039;Enseignement de Vend\u00e9e\" \/>\n<meta property=\"og:description\" content=\"[vc_row][vc_column][vc_column_text] Le Projet : \u00ab\u00a0Mon Quartier, Espace de Biodiversit\u00e9\u00a0\u00bb [\/vc_column_text][\/vc_column][vc_column][vc_column_text] \u00c0 l\u2019automne 2021, l\u2019Office Fran\u00e7ais de la biodiversit\u00e9 lance un appel \u00e0 projet national visant \u00e0 prot\u00e9ger et restaurer la biodiversit\u00e9 sur l\u2019ensemble du territoire fran\u00e7ais par toutes les initiatives locales qui y concourront. Parmi plus d\u2019une centaine de projets [&hellip;]\" \/>\n<meta property=\"og:url\" content=\"http:\/\/www.laligue85.org\/fra\/le-projet-mon-quartier-espace-de-biodiversite\/\" \/>\n<meta property=\"og:site_name\" content=\"La Ligue de l&#039;Enseignement de Vend\u00e9e\" \/>\n<meta property=\"article:modified_time\" content=\"2024-03-01T12:57:48+00:00\" \/>\n<meta name=\"twitter:card\" content=\"summary_large_image\" \/>\n<meta name=\"twitter:label1\" content=\"Dur\u00e9e de lecture estim\u00e9e\" \/>\n\t<meta name=\"twitter:data1\" content=\"5 minutes\" \/>\n<script type=\"application\/ld+json\" class=\"yoast-schema-graph\">{\"@context\":\"https:\/\/schema.org\",\"@graph\":[{\"@type\":\"WebPage\",\"@id\":\"http:\/\/www.laligue85.org\/fra\/le-projet-mon-quartier-espace-de-biodiversite\/\",\"url\":\"http:\/\/www.laligue85.org\/fra\/le-projet-mon-quartier-espace-de-biodiversite\/\",\"name\":\"Le Projet \\\"Mon Quartier, Espace de Biodiversit\u00e9\\\" - La Ligue de l&#039;Enseignement de Vend\u00e9e\",\"isPartOf\":{\"@id\":\"http:\/\/www.laligue85.org\/fra\/#website\"},\"datePublished\":\"2023-02-20T08:59:35+00:00\",\"dateModified\":\"2024-03-01T12:57:48+00:00\",\"breadcrumb\":{\"@id\":\"http:\/\/www.laligue85.org\/fra\/le-projet-mon-quartier-espace-de-biodiversite\/#breadcrumb\"},\"inLanguage\":\"fr-FR\",\"potentialAction\":[{\"@type\":\"ReadAction\",\"target\":[\"http:\/\/www.laligue85.org\/fra\/le-projet-mon-quartier-espace-de-biodiversite\/\"]}]},{\"@type\":\"BreadcrumbList\",\"@id\":\"http:\/\/www.laligue85.org\/fra\/le-projet-mon-quartier-espace-de-biodiversite\/#breadcrumb\",\"itemListElement\":[{\"@type\":\"ListItem\",\"position\":1,\"name\":\"Accueil\",\"item\":\"http:\/\/www.laligue85.org\/fra\/\"},{\"@type\":\"ListItem\",\"position\":2,\"name\":\"Le Projet \u00ab\u00a0Mon Quartier, Espace de Biodiversit\u00e9\u00a0\u00bb\"}]},{\"@type\":\"WebSite\",\"@id\":\"http:\/\/www.laligue85.org\/fra\/#website\",\"url\":\"http:\/\/www.laligue85.org\/fra\/\",\"name\":\"La Ligue de l&#039;Enseignement de Vend\u00e9e\",\"description\":\"F\u00e9d\u00e9ration d&#039;\u00e9ducation populaire\",\"potentialAction\":[{\"@type\":\"SearchAction\",\"target\":{\"@type\":\"EntryPoint\",\"urlTemplate\":\"http:\/\/www.laligue85.org\/fra\/?s={search_term_string}\"},\"query-input\":\"required name=search_term_string\"}],\"inLanguage\":\"fr-FR\"}]}<\/script>\n<!-- \/ Yoast SEO plugin. -->","yoast_head_json":{"title":"Le Projet \"Mon Quartier, Espace de Biodiversit\u00e9\" - La Ligue de l&#039;Enseignement de Vend\u00e9e","robots":{"index":"index","follow":"follow","max-snippet":"max-snippet:-1","max-image-preview":"max-image-preview:large","max-video-preview":"max-video-preview:-1"},"canonical":"http:\/\/www.laligue85.org\/fra\/le-projet-mon-quartier-espace-de-biodiversite\/","og_locale":"fr_FR","og_type":"article","og_title":"Le Projet \"Mon Quartier, Espace de Biodiversit\u00e9\" - La Ligue de l&#039;Enseignement de Vend\u00e9e","og_description":"[vc_row][vc_column][vc_column_text] Le Projet : \u00ab\u00a0Mon Quartier, Espace de Biodiversit\u00e9\u00a0\u00bb [\/vc_column_text][\/vc_column][vc_column][vc_column_text] \u00c0 l\u2019automne 2021, l\u2019Office Fran\u00e7ais de la biodiversit\u00e9 lance un appel \u00e0 projet national visant \u00e0 prot\u00e9ger et restaurer la biodiversit\u00e9 sur l\u2019ensemble du territoire fran\u00e7ais par toutes les initiatives locales qui y concourront. Parmi plus d\u2019une centaine de projets [&hellip;]","og_url":"http:\/\/www.laligue85.org\/fra\/le-projet-mon-quartier-espace-de-biodiversite\/","og_site_name":"La Ligue de l&#039;Enseignement de Vend\u00e9e","article_modified_time":"2024-03-01T12:57:48+00:00","twitter_card":"summary_large_image","twitter_misc":{"Dur\u00e9e de lecture estim\u00e9e":"5 minutes"},"schema":{"@context":"https:\/\/schema.org","@graph":[{"@type":"WebPage","@id":"http:\/\/www.laligue85.org\/fra\/le-projet-mon-quartier-espace-de-biodiversite\/","url":"http:\/\/www.laligue85.org\/fra\/le-projet-mon-quartier-espace-de-biodiversite\/","name":"Le Projet \"Mon Quartier, Espace de Biodiversit\u00e9\" - La Ligue de l&#039;Enseignement de Vend\u00e9e","isPartOf":{"@id":"http:\/\/www.laligue85.org\/fra\/#website"},"datePublished":"2023-02-20T08:59:35+00:00","dateModified":"2024-03-01T12:57:48+00:00","breadcrumb":{"@id":"http:\/\/www.laligue85.org\/fra\/le-projet-mon-quartier-espace-de-biodiversite\/#breadcrumb"},"inLanguage":"fr-FR","potentialAction":[{"@type":"ReadAction","target":["http:\/\/www.laligue85.org\/fra\/le-projet-mon-quartier-espace-de-biodiversite\/"]}]},{"@type":"BreadcrumbList","@id":"http:\/\/www.laligue85.org\/fra\/le-projet-mon-quartier-espace-de-biodiversite\/#breadcrumb","itemListElement":[{"@type":"ListItem","position":1,"name":"Accueil","item":"http:\/\/www.laligue85.org\/fra\/"},{"@type":"ListItem","position":2,"name":"Le Projet \u00ab\u00a0Mon Quartier, Espace de Biodiversit\u00e9\u00a0\u00bb"}]},{"@type":"WebSite","@id":"http:\/\/www.laligue85.org\/fra\/#website","url":"http:\/\/www.laligue85.org\/fra\/","name":"La Ligue de l&#039;Enseignement de Vend\u00e9e","description":"F\u00e9d\u00e9ration d&#039;\u00e9ducation populaire","potentialAction":[{"@type":"SearchAction","target":{"@type":"EntryPoint","urlTemplate":"http:\/\/www.laligue85.org\/fra\/?s={search_term_string}"},"query-input":"required name=search_term_string"}],"inLanguage":"fr-FR"}]}},"jetpack_shortlink":"https:\/\/wp.me\/P9Chnq-3k0","_links":{"self":[{"href":"https:\/\/www.laligue85.org\/fra\/wp-json\/wp\/v2\/pages\/12772","targetHints":{"allow":["GET"]}}],"collection":[{"href":"https:\/\/www.laligue85.org\/fra\/wp-json\/wp\/v2\/pages"}],"about":[{"href":"https:\/\/www.laligue85.org\/fra\/wp-json\/wp\/v2\/types\/page"}],"author":[{"embeddable":true,"href":"https:\/\/www.laligue85.org\/fra\/wp-json\/wp\/v2\/users\/10"}],"replies":[{"embeddable":true,"href":"https:\/\/www.laligue85.org\/fra\/wp-json\/wp\/v2\/comments?post=12772"}],"version-history":[{"count":216,"href":"https:\/\/www.laligue85.org\/fra\/wp-json\/wp\/v2\/pages\/12772\/revisions"}],"predecessor-version":[{"id":14086,"href":"https:\/\/www.laligue85.org\/fra\/wp-json\/wp\/v2\/pages\/12772\/revisions\/14086"}],"wp:attachment":[{"href":"https:\/\/www.laligue85.org\/fra\/wp-json\/wp\/v2\/media?parent=12772"}],"curies":[{"name":"wp","href":"https:\/\/api.w.org\/{rel}","templated":true}]}}