{"id":7823,"date":"2018-08-09T14:04:36","date_gmt":"2018-08-09T12:04:36","guid":{"rendered":"http:\/\/www.laligue85.org\/fra\/?page_id=7823"},"modified":"2019-03-26T17:03:48","modified_gmt":"2019-03-26T16:03:48","slug":"centres-classes-decouverte-noirmoutier","status":"publish","type":"page","link":"https:\/\/www.laligue85.org\/fra\/centres-classes-decouverte-noirmoutier\/","title":{"rendered":"Centres-classes dec"},"content":{"rendered":"<p>[vc_row full_width=\u00a0\u00bbstretch_row_content_no_spaces\u00a0\u00bb equal_height=\u00a0\u00bbyes\u00a0\u00bb content_placement=\u00a0\u00bbmiddle\u00a0\u00bb css=\u00a0\u00bb.vc_custom_1493830181567{padding-top: 0px !important;padding-bottom: 0px !important;}\u00a0\u00bb][vc_column width=\u00a0\u00bb1\/2&Prime; col_padding=\u00a0\u00bb7&Prime; css=\u00a0\u00bb.vc_custom_1493831472285{padding-top: 20px !important;padding-bottom: 20px !important;}\u00a0\u00bb][vc_column_text]<\/p>\n<h3>Les Lutins &#8211; Noirmoutier en l&rsquo;Ile<\/h3>\n<p>[\/vc_column_text][vc_column_text]Id\u00e9alement nich\u00e9 au coeur du Bois de la Chaise, site class\u00e9, et \u00e0 proximit\u00e9 de la c\u00e9l\u00e8bre plage des Dames, le centre Les Lutins a \u00e9t\u00e9 enti\u00e8rement r\u00e9nov\u00e9 en 2017. Cette structure moderne est implant\u00e9e dans un environnement id\u00e9al pour un s\u00e9jour \u00e9ducatif.<\/p>\n<p><strong>Agr\u00e9ment 5 classes<\/strong>[\/vc_column_text]<div class=\"btn-holder btn-align-left\"><a href=\"http:\/\/www.laligue85.org\/fra\/blog\/2017\/05\/30\/le-centre-les-lutins-3\/\" title=\"\" class=\"btn btn-regular btn-solid  btn-accent btn-hover-dark btn-with-icon btn-icon-right_side_hover\" target=\" _blank\"><span>D\u00e9couvrir le centre<\/span><i class=\"fa fa-long-arrow-right\"><\/i><\/a><\/div>[\/vc_column][vc_column width=\u00a0\u00bb1\/2&Prime; col_padding_side=\u00a0\u00bbleft\u00a0\u00bb css=\u00a0\u00bb.vc_custom_1533807179011{background-image: url(http:\/\/www.laligue85.org\/fra\/wp-content\/uploads\/2017\/11\/centres_les-lutins_les-lutins.jpg?id=1501) !important;background-position: center !important;background-repeat: no-repeat !important;background-size: cover !important;}\u00a0\u00bb][vc_single_image image=\u00a0\u00bb1501&Prime;][\/vc_column][\/vc_row][vc_row full_width=\u00a0\u00bbstretch_row_content_no_spaces\u00a0\u00bb equal_height=\u00a0\u00bbyes\u00a0\u00bb content_placement=\u00a0\u00bbmiddle\u00a0\u00bb css=\u00a0\u00bb.vc_custom_1493830181567{padding-top: 0px !important;padding-bottom: 0px !important;}\u00a0\u00bb][vc_column width=\u00a0\u00bb1\/2&Prime; css=\u00a0\u00bb.vc_custom_1533807354199{background-image: url(http:\/\/www.laligue85.org\/fra\/wp-content\/uploads\/2017\/11\/centres_les-lutins_barbatre.jpg?id=1507) !important;}\u00a0\u00bb][vc_single_image image=\u00a0\u00bb1507&Prime;][\/vc_column][vc_column width=\u00a0\u00bb1\/2&Prime; col_padding=\u00a0\u00bb7&Prime; css=\u00a0\u00bb.vc_custom_1493831479492{padding-top: 20px !important;padding-bottom: 20px !important;background-position: center !important;background-repeat: no-repeat !important;background-size: cover !important;}\u00a0\u00bb][vc_column_text]<\/p>\n<h3>Le Fief du Moulin &#8211; Barbatre<\/h3>\n<p>[\/vc_column_text][vc_column_text]Situ\u00e9 \u00e0 proximit\u00e9 du passage du Gois, au sud de l\u2019\u00eele de Noirmoutier, le centre b\u00e9n\u00e9ficie d\u2019un acc\u00e8s direct \u00e0 la for\u00eat domaniale et \u00e0 la plage.<\/p>\n<p><strong>Agr\u00e9ment 3 classes<br \/>\n<\/strong>[\/vc_column_text]<div class=\"btn-holder btn-align-left\"><a href=\"http:\/\/www.laligue85.org\/fra\/blog\/2013\/01\/30\/le-centre-le-fief-du-moulin\/\" title=\"\" class=\"btn btn-regular btn-solid  btn-accent btn-hover-dark btn-with-icon btn-icon-right_side_hover\" target=\" _blank\"><span>D\u00e9couvrir le centre<\/span><i class=\"fa fa-long-arrow-right\"><\/i><\/a><\/div>[\/vc_column][\/vc_row][vc_row full_width=\u00a0\u00bbstretch_row_content_no_spaces\u00a0\u00bb equal_height=\u00a0\u00bbyes\u00a0\u00bb content_placement=\u00a0\u00bbmiddle\u00a0\u00bb css=\u00a0\u00bb.vc_custom_1493830181567{padding-top: 0px !important;padding-bottom: 0px !important;}\u00a0\u00bb][vc_column width=\u00a0\u00bb1\/2&Prime; col_padding=\u00a0\u00bb7&Prime; css=\u00a0\u00bb.vc_custom_1493831472285{padding-top: 20px !important;padding-bottom: 20px !important;}\u00a0\u00bb][vc_column_text]<\/p>\n<h3>Le centre de voile &#8211; Le Vieil<\/h3>\n<p>[\/vc_column_text][vc_column_text]<\/p>\n<dl>\n<dt>Implant\u00e9 au c\u0153ur d\u2019un village de p\u00eacheurs et d\u2019agriculteurs au nord de l\u2019\u00eele, le centre de voile du Vieil b\u00e9n\u00e9ficie d\u2019une situation g\u00e9ographique le pla\u00e7ant au centre de la vie locale noirmoutrine.<\/dt>\n<\/dl>\n<p><strong>Agr\u00e9ment 2 classes<\/strong>[\/vc_column_text]<div class=\"btn-holder btn-align-left\"><a href=\"http:\/\/www.laligue85.org\/fra\/blog\/2013\/01\/30\/le-centre-de-voile-du-vieil\/\" title=\"\" class=\"btn btn-regular btn-solid  btn-accent btn-hover-dark btn-with-icon btn-icon-right_side_hover\" target=\" _blank\"><span>D\u00e9couvrir le centre<\/span><i class=\"fa fa-long-arrow-right\"><\/i><\/a><\/div>[\/vc_column][vc_column width=\u00a0\u00bb1\/2&Prime; col_padding_side=\u00a0\u00bbleft\u00a0\u00bb css=\u00a0\u00bb.vc_custom_1533807557945{background-image: url(http:\/\/www.laligue85.org\/fra\/wp-content\/uploads\/2017\/11\/centres_les-lutins_le-vieil.jpg?id=1503) !important;background-position: center !important;background-repeat: no-repeat !important;background-size: cover !important;}\u00a0\u00bb][vc_single_image image=\u00a0\u00bb1503&Prime;][\/vc_column][\/vc_row][vc_row css=\u00a0\u00bb.vc_custom_1494854759706{padding-top: 70px !important;padding-bottom: 50px !important;}\u00a0\u00bb][vc_column]<div class=\"special-heading vntd-heading heading-no-border heading-align-center\"style=\"margin-bottom:60px;\"><h3 class=\"special-heading-title\">Plus d&#039;informations pour pr\u00e9parer son s\u00e9jour \u00e9ducatif<\/h3><\/div>[vc_row_inner][vc_column_inner width=\u00a0\u00bb1\/4&Prime; css=\u00a0\u00bb.vc_custom_1494854641565{padding-right: 20px !important;}\u00a0\u00bb][vc_single_image image=\u00a0\u00bb3143&Prime; img_size=\u00a0\u00bb600&#215;500&Prime;][vc_column_text css=\u00a0\u00bb.vc_custom_1533807866244{margin-bottom: 15px !important;}\u00a0\u00bb]<\/p>\n<h4 style=\"text-align: center;\">Le rallye photo<\/h4>\n<p>[\/vc_column_text][vc_column_text]<\/p>\n<p style=\"text-align: center;\">Le principe est simple, \u00e0 l\u2019aide d\u2019une carte et quelques indications suivis de la photo de l\u2019objectif \u00e0 atteindre, les enfants devaient se rep\u00e9rer tel une course d\u2019orientation, un moyen m\u00ealant p\u00e9dagogie et plaisir de la visite.<\/p>\n<p>[\/vc_column_text]<div class=\"btn-holder btn-align-left\"><a href=\"\" title=\"\" class=\"btn btn-regular btn-solid  btn-accent btn-hover-dark\" target=\"\">Lire la suite<\/a><\/div>[\/vc_column_inner][vc_column_inner width=\u00a0\u00bb1\/4&Prime; css=\u00a0\u00bb.vc_custom_1494854662963{padding-right: 20px !important;padding-left: 20px !important;}\u00a0\u00bb][vc_single_image image=\u00a0\u00bb9011&Prime; img_size=\u00a0\u00bb600&#215;500&Prime;][vc_column_text css=\u00a0\u00bb.vc_custom_1533808493706{margin-bottom: 15px !important;}\u00a0\u00bb]<\/p>\n<h4 style=\"text-align: center;\">Nouvelle th\u00e9matique : film d&rsquo;animation<\/h4>\n<p>[\/vc_column_text][vc_column_text]<\/p>\n<p class=\"p1\" style=\"text-align: center;\">Vos \u00e9l\u00e8ves n\u2019arr\u00eatent pas de parler de dessins anim\u00e9s? Utilisez leur sujet de conversation pr\u00e9f\u00e9r\u00e9 pour leur faire d\u00e9couvrir toutes les techniques du film d\u2019animation et les effets sur la perception r\u00e9tinienne.<\/p>\n<p>[\/vc_column_text]<div class=\"btn-holder btn-align-left\"><a href=\"http:\/\/www.laligue85.org\/fra\/blog\/2019\/03\/26\/un-apres-midi-en-classe-decouverte\/\" title=\"\" class=\"btn btn-regular btn-solid  btn-accent btn-hover-dark\" target=\" _blank\">D\u00e9couvrir la th\u00e9matique<\/a><\/div>[\/vc_column_inner][vc_column_inner width=\u00a0\u00bb1\/4&Prime; css=\u00a0\u00bb.vc_custom_1494854666876{padding-left: 20px !important;}\u00a0\u00bb][vc_single_image image=\u00a0\u00bb7761&Prime; img_size=\u00a0\u00bb600&#215;500&Prime;][vc_column_text css=\u00a0\u00bb.vc_custom_1533810166986{margin-bottom: 15px !important;}\u00a0\u00bb]<\/p>\n<h4 style=\"text-align: center;\">Documents utiles<\/h4>\n<p>[\/vc_column_text][vc_column_text]<\/p>\n<p class=\"p1\" style=\"text-align: center;\">Pr\u00e9parez votre s\u00e9jour sur l\u2019\u00eele de Noirmoutier et d\u00e9couvrez les activit\u00e9s et les s\u00e9jours via notre guide pratique pour construire une classe d\u00e9couverte, nos programmes type (milieu marin, sports nautiques, gout et terroir, \u00e9nergies) et nos fiches s\u00e9quence (p\u00eache \u00e0 pied, marais salants&#8230;).<\/p>\n<p>[\/vc_column_text]<div class=\"btn-holder btn-align-left\"><a href=\"http:\/\/www.laligue85.org\/fra\/blog\/2013\/11\/08\/documentations-utiles-2\/\" title=\"\" class=\"btn btn-regular btn-solid  btn-accent btn-hover-dark\" target=\" _blank\">D\u00e9couvrir <\/a><\/div>[\/vc_column_inner][vc_column_inner width=\u00a0\u00bb1\/4&Prime;][vc_video link=\u00a0\u00bbhttps:\/\/youtu.be\/MzWxXLiTrrE\u00a0\u00bb][vc_column_text]<\/p>\n<h4 style=\"text-align: center;\">Le projet \u00e9ducatif<\/h4>\n<p>[\/vc_column_text][vc_column_text]Pour que chaque enfant reparte grandi, enrichi, \u00e9panoui \u00e0 l\u2019issue d\u2019un s\u00e9jour, nous nous appuyons sur un projet \u00e9ducatif qui fait sens.<br \/>\nUn projet port\u00e9 par 6 valeurs fondamentales\u00a0:\u00a0la\u00efcit\u00e9, diversit\u00e9\/\u00e9galit\u00e9, citoyennet\u00e9, solidarit\u00e9\/engagement, d\u00e9mocratie, \u00e9mancipation\/socialisation.[\/vc_column_text][\/vc_column_inner][\/vc_row_inner][\/vc_column][\/vc_row]<\/p>\n","protected":false},"excerpt":{"rendered":"<p>[vc_row full_width=\u00a0\u00bbstretch_row_content_no_spaces\u00a0\u00bb equal_height=\u00a0\u00bbyes\u00a0\u00bb content_placement=\u00a0\u00bbmiddle\u00a0\u00bb css=\u00a0\u00bb.vc_custom_1493830181567{padding-top: 0px !important;padding-bottom: 0px !important;}\u00a0\u00bb][vc_column width=\u00a0\u00bb1\/2&Prime; col_padding=\u00a0\u00bb7&Prime; css=\u00a0\u00bb.vc_custom_1493831472285{padding-top: 20px !important;padding-bottom: 20px !important;}\u00a0\u00bb][vc_column_text] Les Lutins &#8211; Noirmoutier en l&rsquo;Ile [\/vc_column_text][vc_column_text]Id\u00e9alement nich\u00e9 au coeur du Bois de la Chaise, site class\u00e9, et \u00e0 proximit\u00e9 de la c\u00e9l\u00e8bre plage des Dames, le centre Les Lutins a \u00e9t\u00e9 enti\u00e8rement r\u00e9nov\u00e9 [&hellip;]<\/p>\n","protected":false},"author":2,"featured_media":0,"parent":0,"menu_order":0,"comment_status":"closed","ping_status":"closed","template":"","meta":{"jetpack_post_was_ever_published":false,"footnotes":""},"class_list":["post-7823","page","type-page","status-publish","hentry"],"yoast_head":"<!-- This site is optimized with the Yoast SEO plugin v20.0 - https:\/\/yoast.com\/wordpress\/plugins\/seo\/ -->\n<title>Centres-classes dec - La Ligue de l&#039;Enseignement de Vend\u00e9e<\/title>\n<meta name=\"description\" content=\"Id\u00e9alement situ\u00e9s sur l&#039;\u00eele de Noirmoutier,nos 3 centres accueillent vos classes de d\u00e9couvertes pour des s\u00e9jours nautiques,milieu marin.Les pieds dans l&#039;eau\" \/>\n<meta name=\"robots\" content=\"index, follow, max-snippet:-1, max-image-preview:large, max-video-preview:-1\" \/>\n<link rel=\"canonical\" href=\"https:\/\/www.laligue85.org\/fra\/centres-classes-decouverte-noirmoutier\/\" \/>\n<meta property=\"og:locale\" content=\"fr_FR\" \/>\n<meta property=\"og:type\" content=\"article\" \/>\n<meta property=\"og:title\" content=\"Centres-classes dec - La Ligue de l&#039;Enseignement de Vend\u00e9e\" \/>\n<meta property=\"og:description\" content=\"Id\u00e9alement situ\u00e9s sur l&#039;\u00eele de Noirmoutier,nos 3 centres accueillent vos classes de d\u00e9couvertes pour des s\u00e9jours nautiques,milieu marin.Les pieds dans l&#039;eau\" \/>\n<meta property=\"og:url\" content=\"https:\/\/www.laligue85.org\/fra\/centres-classes-decouverte-noirmoutier\/\" \/>\n<meta property=\"og:site_name\" content=\"La Ligue de l&#039;Enseignement de Vend\u00e9e\" \/>\n<meta property=\"article:modified_time\" content=\"2019-03-26T16:03:48+00:00\" \/>\n<meta name=\"twitter:card\" content=\"summary_large_image\" \/>\n<meta name=\"twitter:label1\" content=\"Dur\u00e9e de lecture estim\u00e9e\" \/>\n\t<meta name=\"twitter:data1\" content=\"5 minutes\" \/>\n<script type=\"application\/ld+json\" class=\"yoast-schema-graph\">{\"@context\":\"https:\/\/schema.org\",\"@graph\":[{\"@type\":\"WebPage\",\"@id\":\"https:\/\/www.laligue85.org\/fra\/centres-classes-decouverte-noirmoutier\/\",\"url\":\"https:\/\/www.laligue85.org\/fra\/centres-classes-decouverte-noirmoutier\/\",\"name\":\"Centres-classes dec - La Ligue de l&#039;Enseignement de Vend\u00e9e\",\"isPartOf\":{\"@id\":\"http:\/\/www.laligue85.org\/fra\/#website\"},\"datePublished\":\"2018-08-09T12:04:36+00:00\",\"dateModified\":\"2019-03-26T16:03:48+00:00\",\"description\":\"Id\u00e9alement situ\u00e9s sur l'\u00eele de Noirmoutier,nos 3 centres accueillent vos classes de d\u00e9couvertes pour des s\u00e9jours nautiques,milieu marin.Les pieds dans l'eau\",\"breadcrumb\":{\"@id\":\"https:\/\/www.laligue85.org\/fra\/centres-classes-decouverte-noirmoutier\/#breadcrumb\"},\"inLanguage\":\"fr-FR\",\"potentialAction\":[{\"@type\":\"ReadAction\",\"target\":[\"https:\/\/www.laligue85.org\/fra\/centres-classes-decouverte-noirmoutier\/\"]}]},{\"@type\":\"BreadcrumbList\",\"@id\":\"https:\/\/www.laligue85.org\/fra\/centres-classes-decouverte-noirmoutier\/#breadcrumb\",\"itemListElement\":[{\"@type\":\"ListItem\",\"position\":1,\"name\":\"Accueil\",\"item\":\"http:\/\/www.laligue85.org\/fra\/\"},{\"@type\":\"ListItem\",\"position\":2,\"name\":\"Centres-classes dec\"}]},{\"@type\":\"WebSite\",\"@id\":\"http:\/\/www.laligue85.org\/fra\/#website\",\"url\":\"http:\/\/www.laligue85.org\/fra\/\",\"name\":\"La Ligue de l&#039;Enseignement de Vend\u00e9e\",\"description\":\"F\u00e9d\u00e9ration d&#039;\u00e9ducation populaire\",\"potentialAction\":[{\"@type\":\"SearchAction\",\"target\":{\"@type\":\"EntryPoint\",\"urlTemplate\":\"http:\/\/www.laligue85.org\/fra\/?s={search_term_string}\"},\"query-input\":\"required name=search_term_string\"}],\"inLanguage\":\"fr-FR\"}]}<\/script>\n<!-- \/ Yoast SEO plugin. -->","yoast_head_json":{"title":"Centres-classes dec - La Ligue de l&#039;Enseignement de Vend\u00e9e","description":"Id\u00e9alement situ\u00e9s sur l'\u00eele de Noirmoutier,nos 3 centres accueillent vos classes de d\u00e9couvertes pour des s\u00e9jours nautiques,milieu marin.Les pieds dans l'eau","robots":{"index":"index","follow":"follow","max-snippet":"max-snippet:-1","max-image-preview":"max-image-preview:large","max-video-preview":"max-video-preview:-1"},"canonical":"https:\/\/www.laligue85.org\/fra\/centres-classes-decouverte-noirmoutier\/","og_locale":"fr_FR","og_type":"article","og_title":"Centres-classes dec - La Ligue de l&#039;Enseignement de Vend\u00e9e","og_description":"Id\u00e9alement situ\u00e9s sur l'\u00eele de Noirmoutier,nos 3 centres accueillent vos classes de d\u00e9couvertes pour des s\u00e9jours nautiques,milieu marin.Les pieds dans l'eau","og_url":"https:\/\/www.laligue85.org\/fra\/centres-classes-decouverte-noirmoutier\/","og_site_name":"La Ligue de l&#039;Enseignement de Vend\u00e9e","article_modified_time":"2019-03-26T16:03:48+00:00","twitter_card":"summary_large_image","twitter_misc":{"Dur\u00e9e de lecture estim\u00e9e":"5 minutes"},"schema":{"@context":"https:\/\/schema.org","@graph":[{"@type":"WebPage","@id":"https:\/\/www.laligue85.org\/fra\/centres-classes-decouverte-noirmoutier\/","url":"https:\/\/www.laligue85.org\/fra\/centres-classes-decouverte-noirmoutier\/","name":"Centres-classes dec - La Ligue de l&#039;Enseignement de Vend\u00e9e","isPartOf":{"@id":"http:\/\/www.laligue85.org\/fra\/#website"},"datePublished":"2018-08-09T12:04:36+00:00","dateModified":"2019-03-26T16:03:48+00:00","description":"Id\u00e9alement situ\u00e9s sur l'\u00eele de Noirmoutier,nos 3 centres accueillent vos classes de d\u00e9couvertes pour des s\u00e9jours nautiques,milieu marin.Les pieds dans l'eau","breadcrumb":{"@id":"https:\/\/www.laligue85.org\/fra\/centres-classes-decouverte-noirmoutier\/#breadcrumb"},"inLanguage":"fr-FR","potentialAction":[{"@type":"ReadAction","target":["https:\/\/www.laligue85.org\/fra\/centres-classes-decouverte-noirmoutier\/"]}]},{"@type":"BreadcrumbList","@id":"https:\/\/www.laligue85.org\/fra\/centres-classes-decouverte-noirmoutier\/#breadcrumb","itemListElement":[{"@type":"ListItem","position":1,"name":"Accueil","item":"http:\/\/www.laligue85.org\/fra\/"},{"@type":"ListItem","position":2,"name":"Centres-classes dec"}]},{"@type":"WebSite","@id":"http:\/\/www.laligue85.org\/fra\/#website","url":"http:\/\/www.laligue85.org\/fra\/","name":"La Ligue de l&#039;Enseignement de Vend\u00e9e","description":"F\u00e9d\u00e9ration d&#039;\u00e9ducation populaire","potentialAction":[{"@type":"SearchAction","target":{"@type":"EntryPoint","urlTemplate":"http:\/\/www.laligue85.org\/fra\/?s={search_term_string}"},"query-input":"required name=search_term_string"}],"inLanguage":"fr-FR"}]}},"jetpack_shortlink":"https:\/\/wp.me\/P9Chnq-22b","_links":{"self":[{"href":"https:\/\/www.laligue85.org\/fra\/wp-json\/wp\/v2\/pages\/7823","targetHints":{"allow":["GET"]}}],"collection":[{"href":"https:\/\/www.laligue85.org\/fra\/wp-json\/wp\/v2\/pages"}],"about":[{"href":"https:\/\/www.laligue85.org\/fra\/wp-json\/wp\/v2\/types\/page"}],"author":[{"embeddable":true,"href":"https:\/\/www.laligue85.org\/fra\/wp-json\/wp\/v2\/users\/2"}],"replies":[{"embeddable":true,"href":"https:\/\/www.laligue85.org\/fra\/wp-json\/wp\/v2\/comments?post=7823"}],"version-history":[{"count":13,"href":"https:\/\/www.laligue85.org\/fra\/wp-json\/wp\/v2\/pages\/7823\/revisions"}],"predecessor-version":[{"id":9087,"href":"https:\/\/www.laligue85.org\/fra\/wp-json\/wp\/v2\/pages\/7823\/revisions\/9087"}],"wp:attachment":[{"href":"https:\/\/www.laligue85.org\/fra\/wp-json\/wp\/v2\/media?parent=7823"}],"curies":[{"name":"wp","href":"https:\/\/api.w.org\/{rel}","templated":true}]}}